{"id":7432,"date":"2021-08-31T13:35:40","date_gmt":"2021-08-31T11:35:40","guid":{"rendered":"https:\/\/www.ebroresilience.com\/informative-days\/"},"modified":"2023-06-06T16:21:24","modified_gmt":"2023-06-06T14:21:24","slug":"informative-days","status":"publish","type":"page","link":"https:\/\/www.ebroresilience.com\/en\/participate\/informative-days\/","title":{"rendered":"Informative Days"},"content":{"rendered":"\t\t<div data-elementor-type=\"wp-page\" data-elementor-id=\"7432\" class=\"elementor elementor-7432 elementor-3109\" data-elementor-post-type=\"page\">\n\t\t\t\t\t\t<section class=\"elementor-section elementor-top-section elementor-element elementor-element-f76fad9 elementor-section-boxed elementor-section-height-default elementor-section-height-default\" data-id=\"f76fad9\" data-element_type=\"section\" data-e-type=\"section\">\n\t\t\t\t\t\t<div class=\"elementor-container elementor-column-gap-default\">\n\t\t\t\t\t<div class=\"elementor-column elementor-col-100 elementor-top-column elementor-element elementor-element-6c7e756\" data-id=\"6c7e756\" data-element_type=\"column\" data-e-type=\"column\">\n\t\t\t<div class=\"elementor-widget-wrap elementor-element-populated\">\n\t\t\t\t\t\t<div class=\"elementor-element elementor-element-21fe682 elementor-widget elementor-widget-heading\" data-id=\"21fe682\" data-element_type=\"widget\" data-e-type=\"widget\" data-widget_type=\"heading.default\">\n\t\t\t\t<div class=\"elementor-widget-container\">\n\t\t\t\t\t<h2 class=\"elementor-heading-title elementor-size-default\">Informative Days<\/h2>\t\t\t\t<\/div>\n\t\t\t\t<\/div>\n\t\t\t\t\t<\/div>\n\t\t<\/div>\n\t\t\t\t\t<\/div>\n\t\t<\/section>\n\t\t\t\t<section class=\"elementor-section elementor-top-section elementor-element elementor-element-9c10705 elementor-section-boxed elementor-section-height-default elementor-section-height-default\" data-id=\"9c10705\" data-element_type=\"section\" data-e-type=\"section\">\n\t\t\t\t\t\t<div class=\"elementor-container elementor-column-gap-default\">\n\t\t\t\t\t<div class=\"elementor-column elementor-col-100 elementor-top-column elementor-element elementor-element-34a7da3\" data-id=\"34a7da3\" data-element_type=\"column\" data-e-type=\"column\">\n\t\t\t<div class=\"elementor-widget-wrap elementor-element-populated\">\n\t\t\t\t\t\t<div class=\"elementor-element elementor-element-d320731 elementor-widget elementor-widget-text-editor\" data-id=\"d320731\" data-element_type=\"widget\" data-e-type=\"widget\" data-widget_type=\"text-editor.default\">\n\t\t\t\t<div class=\"elementor-widget-container\">\n\t\t\t\t\t\t\t\t\t<p>The objective of the Dissemination Workshops is to help in the understanding and dissemination of various aspects associated with flood risks, river management and the implementation of the Ebro Resilience Strategy, while generating a deliberative environment about them. They are open to interested parties and the general public.<\/p>\n\t\t\t\t\t\t\t\t<\/div>\n\t\t\t\t<\/div>\n\t\t\t\t\t<\/div>\n\t\t<\/div>\n\t\t\t\t\t<\/div>\n\t\t<\/section>\n\t\t\t\t<section class=\"elementor-section elementor-top-section elementor-element elementor-element-bef5036 elementor-section-boxed elementor-section-height-default elementor-section-height-default\" data-id=\"bef5036\" data-element_type=\"section\" data-e-type=\"section\">\n\t\t\t\t\t\t<div class=\"elementor-container elementor-column-gap-default\">\n\t\t\t\t\t<div class=\"elementor-column elementor-col-100 elementor-top-column elementor-element elementor-element-9089f80\" data-id=\"9089f80\" data-element_type=\"column\" data-e-type=\"column\">\n\t\t\t<div class=\"elementor-widget-wrap elementor-element-populated\">\n\t\t\t\t\t\t<div class=\"elementor-element elementor-element-ce1bb07 elementor-widget elementor-widget-shortcode\" data-id=\"ce1bb07\" data-element_type=\"widget\" data-e-type=\"widget\" data-widget_type=\"shortcode.default\">\n\t\t\t\t<div class=\"elementor-widget-container\">\n\t\t\t\t\t\t\t<div class=\"elementor-shortcode\"><div class=\"pt-cv-wrapper\"><div class=\"pt-cv-view pt-cv-collapsible\" id=\"pt-cv-view-61fd58dcrd\"><div data-id=\"pt-cv-page-1\" class=\"pt-cv-page\" data-cvc=\"1\"><div class=\"panel-group\" id=\"ebb46abtrz\"><div class=\"panel panel-default pt-cv-content-item pt-cv-1-col\"  data-pid=\"15145\">\r\n<div class=\"panel-heading pt-cv-title\">\r\n    <a class=\"panel-title\" data-toggle=\"cvcollapse\" data-parent=\"#ebb46abtrz\" data-target=\"#8903a21ope\" href='https:\/\/www.ebroresilience.com\/en\/actualidad\/informative-day-we-analyze-how-the-first-ebro-resilience-actions-are-working-in-the-stretch-of-the-river-between-milagro-and-alfaro\/' onclick='event.preventDefault()'>\r\n\t\tInformative day: We analyze how the first Ebro Resilience actions are working in the stretch of the river between Milagro and Alfaro\t<\/a>\r\n\t<span class=\"pull-right clickable panel-collapsed\"><i class=\"glyphicon glyphicon-plus\"><\/i><\/span><\/div>\r\n<div id=\"8903a21ope\" class=\"panel-collapse collapse \">\r\n\t<div class=\"panel-body\">\r\n\t\t<a href=\"https:\/\/www.ebroresilience.com\/en\/actualidad\/informative-day-we-analyze-how-the-first-ebro-resilience-actions-are-working-in-the-stretch-of-the-river-between-milagro-and-alfaro\/\" class=\"_self pt-cv-href-thumbnail pt-cv-thumb-default cvplbd\" target=\"_self\" ><img fetchpriority=\"high\" decoding=\"async\" width=\"300\" height=\"169\" src=\"https:\/\/www.ebroresilience.com\/wp-content\/uploads\/2025\/10\/Diapositiva46-300x169.jpg\" class=\"pt-cv-thumbnail img-none no-lazyload \" alt=\"Informative day: We analyze how the first Ebro Resilience actions are working in the stretch of the river between Milagro and Alfaro\" srcset=\"https:\/\/www.ebroresilience.com\/wp-content\/uploads\/2025\/10\/Diapositiva46-300x169.jpg 300w, https:\/\/www.ebroresilience.com\/wp-content\/uploads\/2025\/10\/Diapositiva46-1024x576.jpg 1024w, https:\/\/www.ebroresilience.com\/wp-content\/uploads\/2025\/10\/Diapositiva46-768x432.jpg 768w, https:\/\/www.ebroresilience.com\/wp-content\/uploads\/2025\/10\/Diapositiva46-133x75.jpg 133w, https:\/\/www.ebroresilience.com\/wp-content\/uploads\/2025\/10\/Diapositiva46-480x270.jpg 480w, https:\/\/www.ebroresilience.com\/wp-content\/uploads\/2025\/10\/Diapositiva46.jpg 1280w\" sizes=\"(max-width:767px) 300px, 300px\" \/><\/a>\n<div class=\"pt-cv-content\">We will analyze the results of the actions carried out between Milagro and Alfaro, we will introduce the actions planned ...<br \/><div class=\"pt-cv-rmwrap\"><a href=\"https:\/\/www.ebroresilience.com\/en\/actualidad\/informative-day-we-analyze-how-the-first-ebro-resilience-actions-are-working-in-the-stretch-of-the-river-between-milagro-and-alfaro\/\" class=\"_self pt-cv-readmore btn btn-success cvplbd\" target=\"_self\">Read more<\/a><\/div><\/div>\t<\/div>\r\n<\/div><\/div>\n<div class=\"panel panel-default pt-cv-content-item pt-cv-1-col\"  data-pid=\"10777\">\r\n<div class=\"panel-heading pt-cv-title\">\r\n    <a class=\"panel-title\" data-toggle=\"cvcollapse\" data-parent=\"#ebb46abtrz\" data-target=\"#2fec8f0817\" href='https:\/\/www.ebroresilience.com\/en\/actualidad\/walkingrivers-experience-guided-route-between-the-meander-of-el-senorio-castejon-and-the-meander-of-la-roza-alfaro\/' onclick='event.preventDefault()'>\r\n\t\tWalkingRivers experience: guided route between the meander of El Se\u00f1or\u00edo (Castej\u00f3n) and the meander of La Roza (Alfaro).\t<\/a>\r\n\t<span class=\"pull-right clickable panel-collapsed\"><i class=\"glyphicon glyphicon-plus\"><\/i><\/span><\/div>\r\n<div id=\"2fec8f0817\" class=\"panel-collapse collapse \">\r\n\t<div class=\"panel-body\">\r\n\t\t<a href=\"https:\/\/www.ebroresilience.com\/en\/actualidad\/walkingrivers-experience-guided-route-between-the-meander-of-el-senorio-castejon-and-the-meander-of-la-roza-alfaro\/\" class=\"_self pt-cv-href-thumbnail pt-cv-thumb-default cvplbd\" target=\"_self\" ><img decoding=\"async\" width=\"225\" height=\"300\" src=\"https:\/\/www.ebroresilience.com\/wp-content\/uploads\/2024\/04\/jornadas-publicas-LIFE-Cartel-914-x-1219-cm-225x300.png\" class=\"pt-cv-thumbnail img-none no-lazyload \" alt=\"Cartel ruta guiada Castej\u00f3n - Alfaro con motivo del WalkingRivers el 11 de mayo.\" srcset=\"https:\/\/www.ebroresilience.com\/wp-content\/uploads\/2024\/04\/jornadas-publicas-LIFE-Cartel-914-x-1219-cm-225x300.png 225w, https:\/\/www.ebroresilience.com\/wp-content\/uploads\/2024\/04\/jornadas-publicas-LIFE-Cartel-914-x-1219-cm-768x1024.png 768w, https:\/\/www.ebroresilience.com\/wp-content\/uploads\/2024\/04\/jornadas-publicas-LIFE-Cartel-914-x-1219-cm-1152x1536.png 1152w, https:\/\/www.ebroresilience.com\/wp-content\/uploads\/2024\/04\/jornadas-publicas-LIFE-Cartel-914-x-1219-cm-1536x2048.png 1536w, https:\/\/www.ebroresilience.com\/wp-content\/uploads\/2024\/04\/jornadas-publicas-LIFE-Cartel-914-x-1219-cm-110x146.png 110w, https:\/\/www.ebroresilience.com\/wp-content\/uploads\/2024\/04\/jornadas-publicas-LIFE-Cartel-914-x-1219-cm-38x50.png 38w, https:\/\/www.ebroresilience.com\/wp-content\/uploads\/2024\/04\/jornadas-publicas-LIFE-Cartel-914-x-1219-cm-56x75.png 56w\" sizes=\"(max-width:767px) 225px, 225px\" \/><\/a>\n<div class=\"pt-cv-content\">On May 11, we invite you to join us for a day of getting closer to the rivers. On the ...<br \/><div class=\"pt-cv-rmwrap\"><a href=\"https:\/\/www.ebroresilience.com\/en\/actualidad\/walkingrivers-experience-guided-route-between-the-meander-of-el-senorio-castejon-and-the-meander-of-la-roza-alfaro\/\" class=\"_self pt-cv-readmore btn btn-success cvplbd\" target=\"_self\">Read more<\/a><\/div><\/div>\t<\/div>\r\n<\/div><\/div>\n<div class=\"panel panel-default pt-cv-content-item pt-cv-1-col\"  data-pid=\"10536\">\r\n<div class=\"panel-heading pt-cv-title\">\r\n    <a class=\"panel-title\" data-toggle=\"cvcollapse\" data-parent=\"#ebb46abtrz\" data-target=\"#2f8b1599u8\" href='https:\/\/www.ebroresilience.com\/en\/actualidad\/guided-tour-through-the-soto-de-aguilar-in-fuentes-de-ebro\/' onclick='event.preventDefault()'>\r\n\t\tGuided tour through the Soto de Aguilar, in Fuentes de Ebro.\t<\/a>\r\n\t<span class=\"pull-right clickable panel-collapsed\"><i class=\"glyphicon glyphicon-plus\"><\/i><\/span><\/div>\r\n<div id=\"2f8b1599u8\" class=\"panel-collapse collapse \">\r\n\t<div class=\"panel-body\">\r\n\t\t<a href=\"https:\/\/www.ebroresilience.com\/en\/actualidad\/guided-tour-through-the-soto-de-aguilar-in-fuentes-de-ebro\/\" class=\"_self pt-cv-href-thumbnail pt-cv-thumb-default cvplbd\" target=\"_self\" ><img decoding=\"async\" width=\"225\" height=\"300\" src=\"https:\/\/www.ebroresilience.com\/wp-content\/uploads\/2024\/03\/Ruta-Guiada-Fuentes-de-Ebro-225x300.jpg\" class=\"pt-cv-thumbnail img-none no-lazyload \" alt=\"Cartel anunciador de la ruta guiada al Soto de Aguilar en Fuentes de Ebro\" srcset=\"https:\/\/www.ebroresilience.com\/wp-content\/uploads\/2024\/03\/Ruta-Guiada-Fuentes-de-Ebro-225x300.jpg 225w, https:\/\/www.ebroresilience.com\/wp-content\/uploads\/2024\/03\/Ruta-Guiada-Fuentes-de-Ebro-768x1024.jpg 768w, https:\/\/www.ebroresilience.com\/wp-content\/uploads\/2024\/03\/Ruta-Guiada-Fuentes-de-Ebro-1152x1536.jpg 1152w, https:\/\/www.ebroresilience.com\/wp-content\/uploads\/2024\/03\/Ruta-Guiada-Fuentes-de-Ebro-1536x2048.jpg 1536w, https:\/\/www.ebroresilience.com\/wp-content\/uploads\/2024\/03\/Ruta-Guiada-Fuentes-de-Ebro-110x146.jpg 110w, https:\/\/www.ebroresilience.com\/wp-content\/uploads\/2024\/03\/Ruta-Guiada-Fuentes-de-Ebro-38x50.jpg 38w, https:\/\/www.ebroresilience.com\/wp-content\/uploads\/2024\/03\/Ruta-Guiada-Fuentes-de-Ebro-56x75.jpg 56w, https:\/\/www.ebroresilience.com\/wp-content\/uploads\/2024\/03\/Ruta-Guiada-Fuentes-de-Ebro-scaled.jpg 1920w\" sizes=\"(max-width:767px) 225px, 225px\" \/><\/a>\n<div class=\"pt-cv-content\">On April 28th, an informative guided tour on the Ebro River and the risk of flooding will be organized. During ...<br \/><div class=\"pt-cv-rmwrap\"><a href=\"https:\/\/www.ebroresilience.com\/en\/actualidad\/guided-tour-through-the-soto-de-aguilar-in-fuentes-de-ebro\/\" class=\"_self pt-cv-readmore btn btn-success cvplbd\" target=\"_self\">Read more<\/a><\/div><\/div>\t<\/div>\r\n<\/div><\/div>\n<div class=\"panel panel-default pt-cv-content-item pt-cv-1-col\"  data-pid=\"9609\">\r\n<div class=\"panel-heading pt-cv-title\">\r\n    <a class=\"panel-title\" data-toggle=\"cvcollapse\" data-parent=\"#ebb46abtrz\" data-target=\"#e422961inv\" href='https:\/\/www.ebroresilience.com\/en\/actualidad\/talk-is-it-possible-to-integrate-fluvial-dynamics-and-social-involvement-in-flood-risk-management\/' onclick='event.preventDefault()'>\r\n\t\tTalk &#8220;Is it possible to integrate fluvial dynamics and social involvement in flood risk management?&#8221;\t<\/a>\r\n\t<span class=\"pull-right clickable panel-collapsed\"><i class=\"glyphicon glyphicon-plus\"><\/i><\/span><\/div>\r\n<div id=\"e422961inv\" class=\"panel-collapse collapse \">\r\n\t<div class=\"panel-body\">\r\n\t\t<a href=\"https:\/\/www.ebroresilience.com\/en\/actualidad\/talk-is-it-possible-to-integrate-fluvial-dynamics-and-social-involvement-in-flood-risk-management\/\" class=\"_self pt-cv-href-thumbnail pt-cv-thumb-default cvplbd\" target=\"_self\" ><img loading=\"lazy\" decoding=\"async\" width=\"225\" height=\"300\" src=\"https:\/\/www.ebroresilience.com\/wp-content\/uploads\/2024\/02\/jornadas-publicas-LIFE-Cartel-914-x-1219-cm-7-225x300.png\" class=\"pt-cv-thumbnail img-none no-lazyload \" alt=\"Cartel charla divulgativa sobre din\u00e1mica fluvial en el Colegio de Ge\u00f3logos de Arag\u00f3n.\" srcset=\"https:\/\/www.ebroresilience.com\/wp-content\/uploads\/2024\/02\/jornadas-publicas-LIFE-Cartel-914-x-1219-cm-7-225x300.png 225w, https:\/\/www.ebroresilience.com\/wp-content\/uploads\/2024\/02\/jornadas-publicas-LIFE-Cartel-914-x-1219-cm-7-768x1024.png 768w, https:\/\/www.ebroresilience.com\/wp-content\/uploads\/2024\/02\/jornadas-publicas-LIFE-Cartel-914-x-1219-cm-7-1152x1536.png 1152w, https:\/\/www.ebroresilience.com\/wp-content\/uploads\/2024\/02\/jornadas-publicas-LIFE-Cartel-914-x-1219-cm-7-1536x2048.png 1536w, https:\/\/www.ebroresilience.com\/wp-content\/uploads\/2024\/02\/jornadas-publicas-LIFE-Cartel-914-x-1219-cm-7-110x146.png 110w, https:\/\/www.ebroresilience.com\/wp-content\/uploads\/2024\/02\/jornadas-publicas-LIFE-Cartel-914-x-1219-cm-7-38x50.png 38w, https:\/\/www.ebroresilience.com\/wp-content\/uploads\/2024\/02\/jornadas-publicas-LIFE-Cartel-914-x-1219-cm-7-56x75.png 56w\" sizes=\"(max-width:767px) 225px, 225px\" \/><\/a>\n<div class=\"pt-cv-content\">The LIFE Ebro Resilience P1 project and the Aragon Delegation of the Official Association of Geologists have organized an informative ...<br \/><div class=\"pt-cv-rmwrap\"><a href=\"https:\/\/www.ebroresilience.com\/en\/actualidad\/talk-is-it-possible-to-integrate-fluvial-dynamics-and-social-involvement-in-flood-risk-management\/\" class=\"_self pt-cv-readmore btn btn-success cvplbd\" target=\"_self\">Read more<\/a><\/div><\/div>\t<\/div>\r\n<\/div><\/div>\n<div class=\"panel panel-default pt-cv-content-item pt-cv-1-col\"  data-pid=\"8464\">\r\n<div class=\"panel-heading pt-cv-title\">\r\n    <a class=\"panel-title\" data-toggle=\"cvcollapse\" data-parent=\"#ebb46abtrz\" data-target=\"#aa95023mod\" href='https:\/\/www.ebroresilience.com\/en\/actualidad\/life-informative-visit-to-the-meander-of-el-senorio-in-castejon\/' onclick='event.preventDefault()'>\r\n\t\tLIFE &#8211; Informative visit to the meander of El Se\u00f1or\u00edo in Castej\u00f3n\t<\/a>\r\n\t<span class=\"pull-right clickable panel-collapsed\"><i class=\"glyphicon glyphicon-plus\"><\/i><\/span><\/div>\r\n<div id=\"aa95023mod\" class=\"panel-collapse collapse \">\r\n\t<div class=\"panel-body\">\r\n\t\t<a href=\"https:\/\/www.ebroresilience.com\/en\/actualidad\/life-informative-visit-to-the-meander-of-el-senorio-in-castejon\/\" class=\"_self pt-cv-href-thumbnail pt-cv-thumb-default cvplbd\" target=\"_self\" ><img decoding=\"async\" width=\"300\" src=\"https:\/\/www.ebroresilience.com\/wp-content\/uploads\/2023\/09\/JORNADA-EL-SENORIO-07-09-2023_05-300x198.jpg\" class=\"pt-cv-thumbnail img-none cvp-substitute no-lazyload \" alt=\"LIFE - Informative visit to the meander of El Se\u00f1or\u00edo in Castej\u00f3n\" title=\"\" \/><\/a>\n<div class=\"pt-cv-content\">From the LIFE Ebro Resilience P1 Project we would like to invite all interested persons to the informative visit to ...<br \/><div class=\"pt-cv-rmwrap\"><a href=\"https:\/\/www.ebroresilience.com\/en\/actualidad\/life-informative-visit-to-the-meander-of-el-senorio-in-castejon\/\" class=\"_self pt-cv-readmore btn btn-success cvplbd\" target=\"_self\">Read more<\/a><\/div><\/div>\t<\/div>\r\n<\/div><\/div><\/div><\/div><\/div><\/div>\t\t\t<style type=\"text\/css\" id=\"pt-cv-inline-style-55a8fd8fmg\">#pt-cv-view-61fd58dcrd .pt-cv-title a, #pt-cv-view-61fd58dcrd  .panel-title { font-weight: 600 !important; }\n#pt-cv-view-61fd58dcrd .pt-cv-carousel-caption  { background-color: rgba(51,51,51,.6) !important; }\n#pt-cv-view-61fd58dcrd .pt-cv-specialp { background-color: #CC3333 !important }\n#pt-cv-view-61fd58dcrd .pt-cv-specialp * { color: #fff !important; }\n#pt-cv-view-61fd58dcrd .pt-cv-pficon  { color: #bbb !important; }\n#pt-cv-view-61fd58dcrd .pt-cv-readmore  { color: #ffffff !important; background-color: #00aeef !important; }\n#pt-cv-view-61fd58dcrd .pt-cv-readmore:hover  { color: #ffffff !important; background-color: #00aeef !important; }\n#pt-cv-view-61fd58dcrd  + .pt-cv-pagination-wrapper .pt-cv-more , #pt-cv-view-61fd58dcrd  + .pt-cv-pagination-wrapper .pagination .active a { color: #ffffff !important; background-color: #00aeef !important; }<\/style>\r\n\t\t\t<\/div>\n\t\t\t\t\t\t<\/div>\n\t\t\t\t<\/div>\n\t\t\t\t\t<\/div>\n\t\t<\/div>\n\t\t\t\t\t<\/div>\n\t\t<\/section>\n\t\t\t\t<section class=\"elementor-section elementor-top-section elementor-element elementor-element-35d7128 elementor-section-boxed elementor-section-height-default elementor-section-height-default\" data-id=\"35d7128\" data-element_type=\"section\" data-e-type=\"section\">\n\t\t\t\t\t\t<div class=\"elementor-container elementor-column-gap-default\">\n\t\t\t\t\t<div class=\"elementor-column elementor-col-100 elementor-top-column elementor-element elementor-element-d4c78cc\" data-id=\"d4c78cc\" data-element_type=\"column\" data-e-type=\"column\">\n\t\t\t<div class=\"elementor-widget-wrap elementor-element-populated\">\n\t\t\t\t\t\t<div class=\"elementor-element elementor-element-95f5eaa elementor-widget elementor-widget-spacer\" data-id=\"95f5eaa\" data-element_type=\"widget\" data-e-type=\"widget\" data-widget_type=\"spacer.default\">\n\t\t\t\t<div class=\"elementor-widget-container\">\n\t\t\t\t\t\t\t<div class=\"elementor-spacer\">\n\t\t\t<div class=\"elementor-spacer-inner\"><\/div>\n\t\t<\/div>\n\t\t\t\t\t\t<\/div>\n\t\t\t\t<\/div>\n\t\t\t\t\t<\/div>\n\t\t<\/div>\n\t\t\t\t\t<\/div>\n\t\t<\/section>\n\t\t\t\t<\/div>\n\t\t","protected":false},"excerpt":{"rendered":"<p>Informative Days The objective of the Dissemination Workshops is to help in the understanding and dissemination of various aspects associated with flood risks, river management and the implementation of the Ebro Resilience Strategy, while generating a deliberative environment about them.<span class=\"excerpt-hellip\"> [\u2026]<\/span><\/p>\n","protected":false},"author":19,"featured_media":0,"parent":7484,"menu_order":0,"comment_status":"closed","ping_status":"closed","template":"","meta":{"_acf_changed":false,"ngg_post_thumbnail":0,"footnotes":""},"class_list":["post-7432","page","type-page","status-publish","hentry"],"acf":[],"publishpress_future_action":{"enabled":false,"date":"2026-05-06 18:34:19","action":"change-status","newStatus":"draft","terms":[],"taxonomy":"translation_priority","extraData":[]},"publishpress_future_workflow_manual_trigger":{"enabledWorkflows":[]},"_links":{"self":[{"href":"https:\/\/www.ebroresilience.com\/en\/wp-json\/wp\/v2\/pages\/7432","targetHints":{"allow":["GET"]}}],"collection":[{"href":"https:\/\/www.ebroresilience.com\/en\/wp-json\/wp\/v2\/pages"}],"about":[{"href":"https:\/\/www.ebroresilience.com\/en\/wp-json\/wp\/v2\/types\/page"}],"author":[{"embeddable":true,"href":"https:\/\/www.ebroresilience.com\/en\/wp-json\/wp\/v2\/users\/19"}],"replies":[{"embeddable":true,"href":"https:\/\/www.ebroresilience.com\/en\/wp-json\/wp\/v2\/comments?post=7432"}],"version-history":[{"count":6,"href":"https:\/\/www.ebroresilience.com\/en\/wp-json\/wp\/v2\/pages\/7432\/revisions"}],"predecessor-version":[{"id":7600,"href":"https:\/\/www.ebroresilience.com\/en\/wp-json\/wp\/v2\/pages\/7432\/revisions\/7600"}],"up":[{"embeddable":true,"href":"https:\/\/www.ebroresilience.com\/en\/wp-json\/wp\/v2\/pages\/7484"}],"wp:attachment":[{"href":"https:\/\/www.ebroresilience.com\/en\/wp-json\/wp\/v2\/media?parent=7432"}],"curies":[{"name":"wp","href":"https:\/\/api.w.org\/{rel}","templated":true}]}}