{"id":11986,"date":"2024-07-05T14:02:25","date_gmt":"2024-07-05T12:02:25","guid":{"rendered":"https:\/\/www.ebroresilience.com\/progress-life-ebro-resilience-p1\/"},"modified":"2026-02-27T11:19:34","modified_gmt":"2026-02-27T10:19:34","slug":"progress-life-ebro-resilience-p1","status":"publish","type":"page","link":"https:\/\/www.ebroresilience.com\/en\/progress-life-ebro-resilience-p1\/","title":{"rendered":"Progress LIFE Ebro Resilience P1"},"content":{"rendered":"\t\t<div data-elementor-type=\"wp-page\" data-elementor-id=\"11986\" class=\"elementor elementor-11986 elementor-11830\" data-elementor-post-type=\"page\">\n\t\t\t\t\t\t<section class=\"elementor-section elementor-top-section elementor-element elementor-element-38738e6 elementor-section-boxed elementor-section-height-default elementor-section-height-default\" data-id=\"38738e6\" data-element_type=\"section\" data-e-type=\"section\">\n\t\t\t\t\t\t<div class=\"elementor-container elementor-column-gap-default\">\n\t\t\t\t\t<div class=\"elementor-column elementor-col-100 elementor-top-column elementor-element elementor-element-ac16722\" data-id=\"ac16722\" data-element_type=\"column\" data-e-type=\"column\">\n\t\t\t<div class=\"elementor-widget-wrap elementor-element-populated\">\n\t\t\t\t\t\t<div class=\"elementor-element elementor-element-3f1db04 elementor-widget elementor-widget-text-editor\" data-id=\"3f1db04\" data-element_type=\"widget\" data-e-type=\"widget\" data-widget_type=\"text-editor.default\">\n\t\t\t\t<div class=\"elementor-widget-container\">\n\t\t\t\t\t\t\t\t\t<h2 class=\"has-vivid-cyan-blue-color has-text-color\"><span style=\"color: #0479a1;\">Advances<\/span><\/h2>\t\t\t\t\t\t\t\t<\/div>\n\t\t\t\t<\/div>\n\t\t\t\t\t<\/div>\n\t\t<\/div>\n\t\t\t\t\t<\/div>\n\t\t<\/section>\n\t\t\t\t<section class=\"elementor-section elementor-top-section elementor-element elementor-element-8d16028 elementor-section-boxed elementor-section-height-default elementor-section-height-default\" data-id=\"8d16028\" data-element_type=\"section\" data-e-type=\"section\">\n\t\t\t\t\t\t<div class=\"elementor-container elementor-column-gap-default\">\n\t\t\t\t\t<div class=\"elementor-column elementor-col-33 elementor-top-column elementor-element elementor-element-6dbf64b\" data-id=\"6dbf64b\" data-element_type=\"column\" data-e-type=\"column\">\n\t\t\t<div class=\"elementor-widget-wrap elementor-element-populated\">\n\t\t\t\t\t\t<div class=\"elementor-element elementor-element-5f2c805 elementor-widget elementor-widget-image\" data-id=\"5f2c805\" data-element_type=\"widget\" data-e-type=\"widget\" data-widget_type=\"image.default\">\n\t\t\t\t<div class=\"elementor-widget-container\">\n\t\t\t\t\t\t\t\t\t\t\t\t\t\t\t<img decoding=\"async\" width=\"150\" height=\"150\" src=\"https:\/\/www.ebroresilience.com\/wp-content\/uploads\/2024\/07\/1o-150x150.png\" class=\"attachment-thumbnail size-thumbnail wp-image-11874\" alt=\"\" srcset=\"https:\/\/www.ebroresilience.com\/wp-content\/uploads\/2024\/07\/1o-150x150.png 150w, https:\/\/www.ebroresilience.com\/wp-content\/uploads\/2024\/07\/1o-300x300.png 300w, https:\/\/www.ebroresilience.com\/wp-content\/uploads\/2024\/07\/1o-146x146.png 146w, https:\/\/www.ebroresilience.com\/wp-content\/uploads\/2024\/07\/1o-50x50.png 50w, https:\/\/www.ebroresilience.com\/wp-content\/uploads\/2024\/07\/1o-75x75.png 75w, https:\/\/www.ebroresilience.com\/wp-content\/uploads\/2024\/07\/1o-85x85.png 85w, https:\/\/www.ebroresilience.com\/wp-content\/uploads\/2024\/07\/1o-80x80.png 80w, https:\/\/www.ebroresilience.com\/wp-content\/uploads\/2024\/07\/1o.png 500w\" sizes=\"(max-width:767px) 150px, 150px\" \/>\t\t\t\t\t\t\t\t\t\t\t\t\t\t\t<\/div>\n\t\t\t\t<\/div>\n\t\t\t\t\t<\/div>\n\t\t<\/div>\n\t\t\t\t<div class=\"elementor-column elementor-col-66 elementor-top-column elementor-element elementor-element-442e1fe\" data-id=\"442e1fe\" data-element_type=\"column\" data-e-type=\"column\">\n\t\t\t<div class=\"elementor-widget-wrap elementor-element-populated\">\n\t\t\t\t\t\t<div class=\"elementor-element elementor-element-0100a9d elementor-widget elementor-widget-text-editor\" data-id=\"0100a9d\" data-element_type=\"widget\" data-e-type=\"widget\" data-widget_type=\"text-editor.default\">\n\t\t\t\t<div class=\"elementor-widget-container\">\n\t\t\t\t\t\t\t\t\t<h1><strong>Adaptation and <\/strong><strong>Adaptation and Mitigation \/ Nature and Biodiversity<\/strong><\/h1>\t\t\t\t\t\t\t\t<\/div>\n\t\t\t\t<\/div>\n\t\t\t\t\t<\/div>\n\t\t<\/div>\n\t\t\t\t\t<\/div>\n\t\t<\/section>\n\t\t\t\t<section class=\"elementor-section elementor-top-section elementor-element elementor-element-732fbc2 elementor-section-boxed elementor-section-height-default elementor-section-height-default\" data-id=\"732fbc2\" data-element_type=\"section\" data-e-type=\"section\">\n\t\t\t\t\t\t<div class=\"elementor-container elementor-column-gap-default\">\n\t\t\t\t\t<div class=\"elementor-column elementor-col-100 elementor-top-column elementor-element elementor-element-f5f51fc\" data-id=\"f5f51fc\" data-element_type=\"column\" data-e-type=\"column\">\n\t\t\t<div class=\"elementor-widget-wrap\">\n\t\t\t\t\t\t\t<\/div>\n\t\t<\/div>\n\t\t\t\t\t<\/div>\n\t\t<\/section>\n\t\t\t\t<section class=\"elementor-section elementor-top-section elementor-element elementor-element-5a3e1f5 elementor-section-boxed elementor-section-height-default elementor-section-height-default\" data-id=\"5a3e1f5\" data-element_type=\"section\" data-e-type=\"section\">\n\t\t\t\t\t\t<div class=\"elementor-container elementor-column-gap-default\">\n\t\t\t\t\t<div class=\"elementor-column elementor-col-100 elementor-top-column elementor-element elementor-element-c23837b\" data-id=\"c23837b\" data-element_type=\"column\" data-e-type=\"column\">\n\t\t\t<div class=\"elementor-widget-wrap elementor-element-populated\">\n\t\t\t\t\t\t<div class=\"elementor-element elementor-element-f43f8ec elementor-widget elementor-widget-text-editor\" data-id=\"f43f8ec\" data-element_type=\"widget\" data-e-type=\"widget\" data-widget_type=\"text-editor.default\">\n\t\t\t\t<div class=\"elementor-widget-container\">\n\t\t\t\t\t\t\t\t\t<h3><strong>Zone 1 <span style=\"color: #07b1e8;\">\n  <a style=\"color: #07b1e8;\" href=\"https:\/\/youtu.be\/jrv2cvppuTM\" target=\"_blank\" rel=\"noopener\">SECTION OF COMBINED ACTIONS<\/a>\n<\/span> (Alfaro, La Rioja &#8211; Castej\u00f3n, Navarra)  <\/strong><\/h3>\t\t\t\t\t\t\t\t<\/div>\n\t\t\t\t<\/div>\n\t\t\t\t\t<\/div>\n\t\t<\/div>\n\t\t\t\t\t<\/div>\n\t\t<\/section>\n\t\t\t\t<section class=\"elementor-section elementor-top-section elementor-element elementor-element-f4cbb5f elementor-section-boxed elementor-section-height-default elementor-section-height-default\" data-id=\"f4cbb5f\" data-element_type=\"section\" data-e-type=\"section\">\n\t\t\t\t\t\t<div class=\"elementor-container elementor-column-gap-default\">\n\t\t\t\t\t<div class=\"elementor-column elementor-col-100 elementor-top-column elementor-element elementor-element-0ebf401\" data-id=\"0ebf401\" data-element_type=\"column\" data-e-type=\"column\">\n\t\t\t<div class=\"elementor-widget-wrap elementor-element-populated\">\n\t\t\t\t\t\t<div class=\"elementor-element elementor-element-3730922 elementor-widget elementor-widget-text-editor\" data-id=\"3730922\" data-element_type=\"widget\" data-e-type=\"widget\" data-widget_type=\"text-editor.default\">\n\t\t\t\t<div class=\"elementor-widget-container\">\n\t\t\t\t\t\t\t\t\t<h3>Demonstration section of the Project. A succession of natural water retention measures, nature-based solutions for river restoration that generate flood risk reduction benefits along the entire reach.  <strong>Objective: improvement of 500 hectares of agricultural land and recovery of 45 hectares of river space.<\/strong><\/h3>\t\t\t\t\t\t\t\t<\/div>\n\t\t\t\t<\/div>\n\t\t\t\t\t<\/div>\n\t\t<\/div>\n\t\t\t\t\t<\/div>\n\t\t<\/section>\n\t\t\t\t<section class=\"elementor-section elementor-top-section elementor-element elementor-element-e3a047e elementor-section-boxed elementor-section-height-default elementor-section-height-default\" data-id=\"e3a047e\" data-element_type=\"section\" data-e-type=\"section\">\n\t\t\t\t\t\t<div class=\"elementor-container elementor-column-gap-default\">\n\t\t\t\t\t<div class=\"elementor-column elementor-col-100 elementor-top-column elementor-element elementor-element-a031fc2\" data-id=\"a031fc2\" data-element_type=\"column\" data-e-type=\"column\">\n\t\t\t<div class=\"elementor-widget-wrap elementor-element-populated\">\n\t\t\t\t\t\t<div class=\"elementor-element elementor-element-ced2fe7 elementor-widget elementor-widget-image\" data-id=\"ced2fe7\" data-element_type=\"widget\" data-e-type=\"widget\" data-widget_type=\"image.default\">\n\t\t\t\t<div class=\"elementor-widget-container\">\n\t\t\t\t\t\t\t\t\t\t\t\t\t\t\t\t<a href=\"https:\/\/www.youtube.com\/watch?v=aSLGsZ2ImoY&#038;t=1s\" target=\"_blank\">\n\t\t\t\t\t\t\t<img fetchpriority=\"high\" decoding=\"async\" width=\"768\" height=\"427\" src=\"https:\/\/www.ebroresilience.com\/wp-content\/uploads\/2024\/01\/INFOGRAFIA-TRAMO-COMBINADO-768x427.png\" class=\"attachment-medium_large size-medium_large wp-image-9526\" alt=\"\" srcset=\"https:\/\/www.ebroresilience.com\/wp-content\/uploads\/2024\/01\/INFOGRAFIA-TRAMO-COMBINADO-768x427.png 768w, https:\/\/www.ebroresilience.com\/wp-content\/uploads\/2024\/01\/INFOGRAFIA-TRAMO-COMBINADO-300x167.png 300w, https:\/\/www.ebroresilience.com\/wp-content\/uploads\/2024\/01\/INFOGRAFIA-TRAMO-COMBINADO-1024x570.png 1024w, https:\/\/www.ebroresilience.com\/wp-content\/uploads\/2024\/01\/INFOGRAFIA-TRAMO-COMBINADO-260x146.png 260w, https:\/\/www.ebroresilience.com\/wp-content\/uploads\/2024\/01\/INFOGRAFIA-TRAMO-COMBINADO-50x28.png 50w, https:\/\/www.ebroresilience.com\/wp-content\/uploads\/2024\/01\/INFOGRAFIA-TRAMO-COMBINADO-135x75.png 135w, https:\/\/www.ebroresilience.com\/wp-content\/uploads\/2024\/01\/INFOGRAFIA-TRAMO-COMBINADO.png 1260w\" sizes=\"(max-width:767px) 480px, (max-width:768px) 100vw, 768px\" \/>\t\t\t\t\t\t\t\t<\/a>\n\t\t\t\t\t\t\t\t\t\t\t\t\t\t\t<\/div>\n\t\t\t\t<\/div>\n\t\t\t\t\t<\/div>\n\t\t<\/div>\n\t\t\t\t\t<\/div>\n\t\t<\/section>\n\t\t\t\t<section class=\"elementor-section elementor-top-section elementor-element elementor-element-0a12322 elementor-section-boxed elementor-section-height-default elementor-section-height-default\" data-id=\"0a12322\" data-element_type=\"section\" data-e-type=\"section\">\n\t\t\t\t\t\t<div class=\"elementor-container elementor-column-gap-default\">\n\t\t\t\t\t<div class=\"elementor-column elementor-col-100 elementor-top-column elementor-element elementor-element-5508018\" data-id=\"5508018\" data-element_type=\"column\" data-e-type=\"column\">\n\t\t\t<div class=\"elementor-widget-wrap elementor-element-populated\">\n\t\t\t\t\t\t<div class=\"elementor-element elementor-element-2db57f2 elementor-widget elementor-widget-text-editor\" data-id=\"2db57f2\" data-element_type=\"widget\" data-e-type=\"widget\" data-widget_type=\"text-editor.default\">\n\t\t\t\t<div class=\"elementor-widget-container\">\n\t\t\t\t\t\t\t\t\t<h3><strong>1. Meander of La Roza, Alfaro, La Rioja<\/strong><\/h3><h3><strong>Morphological adaptation: <span style=\"color: #ff0000;\">completed <\/span><\/strong>in November 2023. It has meant the recovery of 22 hectares as a fluvial space, also included as a protected area in the Natura 2000 Network &#8220;Sotos y Riberas del Ebro&#8221;. Executed by the Confederaci\u00f3n Hidrogr\u00e1fica del Ebro.<\/h3>\t\t\t\t\t\t\t\t<\/div>\n\t\t\t\t<\/div>\n\t\t\t\t\t<\/div>\n\t\t<\/div>\n\t\t\t\t\t<\/div>\n\t\t<\/section>\n\t\t\t\t<section class=\"elementor-section elementor-top-section elementor-element elementor-element-b2a5f9a elementor-section-boxed elementor-section-height-default elementor-section-height-default\" data-id=\"b2a5f9a\" data-element_type=\"section\" data-e-type=\"section\">\n\t\t\t\t\t\t<div class=\"elementor-container elementor-column-gap-default\">\n\t\t\t\t\t<div class=\"elementor-column elementor-col-100 elementor-top-column elementor-element elementor-element-5a99c66\" data-id=\"5a99c66\" data-element_type=\"column\" data-e-type=\"column\">\n\t\t\t<div class=\"elementor-widget-wrap elementor-element-populated\">\n\t\t\t\t\t\t<div class=\"elementor-element elementor-element-e044308 elementor-widget elementor-widget-button\" data-id=\"e044308\" data-element_type=\"widget\" data-e-type=\"widget\" data-widget_type=\"button.default\">\n\t\t\t\t<div class=\"elementor-widget-container\">\n\t\t\t\t\t\t\t\t\t<div class=\"elementor-button-wrapper\">\n\t\t\t\t\t<a class=\"elementor-button elementor-button-link elementor-size-sm\" href=\"https:\/\/www.ebroresilience.com\/en\/concludes-the-morphological-adaptation-of-the-ebro-in-the-meander-of-la-roza\/\" target=\"_blank\">\n\t\t\t\t\t\t<span class=\"elementor-button-content-wrapper\">\n\t\t\t\t\t\t\t\t\t<span class=\"elementor-button-text\">Latest news on morphological matching<\/span>\n\t\t\t\t\t<\/span>\n\t\t\t\t\t<\/a>\n\t\t\t\t<\/div>\n\t\t\t\t\t\t\t\t<\/div>\n\t\t\t\t<\/div>\n\t\t\t\t\t<\/div>\n\t\t<\/div>\n\t\t\t\t\t<\/div>\n\t\t<\/section>\n\t\t\t\t<section class=\"elementor-section elementor-top-section elementor-element elementor-element-a23c5a2 elementor-section-boxed elementor-section-height-default elementor-section-height-default\" data-id=\"a23c5a2\" data-element_type=\"section\" data-e-type=\"section\">\n\t\t\t\t\t\t<div class=\"elementor-container elementor-column-gap-default\">\n\t\t\t\t\t<div class=\"elementor-column elementor-col-25 elementor-top-column elementor-element elementor-element-89eb6ca\" data-id=\"89eb6ca\" data-element_type=\"column\" data-e-type=\"column\">\n\t\t\t<div class=\"elementor-widget-wrap elementor-element-populated\">\n\t\t\t\t\t\t<div class=\"elementor-element elementor-element-9c5d352 elementor-widget elementor-widget-image\" data-id=\"9c5d352\" data-element_type=\"widget\" data-e-type=\"widget\" data-widget_type=\"image.default\">\n\t\t\t\t<div class=\"elementor-widget-container\">\n\t\t\t\t\t\t\t\t\t\t\t\t\t\t\t\t<a href=\"https:\/\/youtu.be\/JwK_MNoNwO4\" target=\"_blank\">\n\t\t\t\t\t\t\t<img decoding=\"async\" width=\"1024\" height=\"1024\" src=\"https:\/\/www.ebroresilience.com\/wp-content\/uploads\/2025\/02\/1-1-1024x1024.png\" class=\"attachment-large size-large wp-image-13428\" alt=\"\" srcset=\"https:\/\/www.ebroresilience.com\/wp-content\/uploads\/2025\/02\/1-1-1024x1024.png 1024w, https:\/\/www.ebroresilience.com\/wp-content\/uploads\/2025\/02\/1-1-300x300.png 300w, https:\/\/www.ebroresilience.com\/wp-content\/uploads\/2025\/02\/1-1-150x150.png 150w, https:\/\/www.ebroresilience.com\/wp-content\/uploads\/2025\/02\/1-1-768x768.png 768w, https:\/\/www.ebroresilience.com\/wp-content\/uploads\/2025\/02\/1-1-75x75.png 75w, https:\/\/www.ebroresilience.com\/wp-content\/uploads\/2025\/02\/1-1-480x480.png 480w, https:\/\/www.ebroresilience.com\/wp-content\/uploads\/2025\/02\/1-1.png 1181w\" sizes=\"(max-width:767px) 480px, (max-width:1024px) 100vw, 1024px\" \/>\t\t\t\t\t\t\t\t<\/a>\n\t\t\t\t\t\t\t\t\t\t\t\t\t\t\t<\/div>\n\t\t\t\t<\/div>\n\t\t\t\t\t<\/div>\n\t\t<\/div>\n\t\t\t\t<div class=\"elementor-column elementor-col-25 elementor-top-column elementor-element elementor-element-f76e0e7\" data-id=\"f76e0e7\" data-element_type=\"column\" data-e-type=\"column\">\n\t\t\t<div class=\"elementor-widget-wrap elementor-element-populated\">\n\t\t\t\t\t\t<div class=\"elementor-element elementor-element-0051533 elementor-widget elementor-widget-image\" data-id=\"0051533\" data-element_type=\"widget\" data-e-type=\"widget\" data-widget_type=\"image.default\">\n\t\t\t\t<div class=\"elementor-widget-container\">\n\t\t\t\t\t\t\t\t\t\t\t\t\t\t\t\t<a href=\"https:\/\/www.ebroresilience.com\/en\/the-relief-channel-in-the-meander-of-la-roza-a-riparian-corridor-with-more-continuity-and-complexity-for-habitats\/\" target=\"_blank\">\n\t\t\t\t\t\t\t<img loading=\"lazy\" decoding=\"async\" width=\"1024\" height=\"1024\" src=\"https:\/\/www.ebroresilience.com\/wp-content\/uploads\/2025\/02\/2-1-1024x1024.png\" class=\"attachment-large size-large wp-image-13426\" alt=\"\" srcset=\"https:\/\/www.ebroresilience.com\/wp-content\/uploads\/2025\/02\/2-1-1024x1024.png 1024w, https:\/\/www.ebroresilience.com\/wp-content\/uploads\/2025\/02\/2-1-300x300.png 300w, https:\/\/www.ebroresilience.com\/wp-content\/uploads\/2025\/02\/2-1-150x150.png 150w, https:\/\/www.ebroresilience.com\/wp-content\/uploads\/2025\/02\/2-1-768x768.png 768w, https:\/\/www.ebroresilience.com\/wp-content\/uploads\/2025\/02\/2-1-75x75.png 75w, https:\/\/www.ebroresilience.com\/wp-content\/uploads\/2025\/02\/2-1-480x480.png 480w, https:\/\/www.ebroresilience.com\/wp-content\/uploads\/2025\/02\/2-1.png 1181w\" sizes=\"(max-width:767px) 480px, (max-width:1024px) 100vw, 1024px\" \/>\t\t\t\t\t\t\t\t<\/a>\n\t\t\t\t\t\t\t\t\t\t\t\t\t\t\t<\/div>\n\t\t\t\t<\/div>\n\t\t\t\t\t<\/div>\n\t\t<\/div>\n\t\t\t\t<div class=\"elementor-column elementor-col-25 elementor-top-column elementor-element elementor-element-1638291\" data-id=\"1638291\" data-element_type=\"column\" data-e-type=\"column\">\n\t\t\t<div class=\"elementor-widget-wrap elementor-element-populated\">\n\t\t\t\t\t\t<div class=\"elementor-element elementor-element-6450de4 elementor-widget elementor-widget-image\" data-id=\"6450de4\" data-element_type=\"widget\" data-e-type=\"widget\" data-widget_type=\"image.default\">\n\t\t\t\t<div class=\"elementor-widget-container\">\n\t\t\t\t\t\t\t\t\t\t\t\t\t\t\t\t<a href=\"https:\/\/www.ebroresilience.com\/wp-content\/uploads\/2024\/07\/LA-ROZA-LADEJA_20240228120755_0162_D-Panoramica.jpg\" target=\"_blank\">\n\t\t\t\t\t\t\t<img loading=\"lazy\" decoding=\"async\" width=\"1024\" height=\"1024\" src=\"https:\/\/www.ebroresilience.com\/wp-content\/uploads\/2025\/02\/3-2-1024x1024.png\" class=\"attachment-large size-large wp-image-13430\" alt=\"\" srcset=\"https:\/\/www.ebroresilience.com\/wp-content\/uploads\/2025\/02\/3-2-1024x1024.png 1024w, https:\/\/www.ebroresilience.com\/wp-content\/uploads\/2025\/02\/3-2-300x300.png 300w, https:\/\/www.ebroresilience.com\/wp-content\/uploads\/2025\/02\/3-2-150x150.png 150w, https:\/\/www.ebroresilience.com\/wp-content\/uploads\/2025\/02\/3-2-768x768.png 768w, https:\/\/www.ebroresilience.com\/wp-content\/uploads\/2025\/02\/3-2-75x75.png 75w, https:\/\/www.ebroresilience.com\/wp-content\/uploads\/2025\/02\/3-2-480x480.png 480w, https:\/\/www.ebroresilience.com\/wp-content\/uploads\/2025\/02\/3-2.png 1181w\" sizes=\"(max-width:767px) 480px, (max-width:1024px) 100vw, 1024px\" \/>\t\t\t\t\t\t\t\t<\/a>\n\t\t\t\t\t\t\t\t\t\t\t\t\t\t\t<\/div>\n\t\t\t\t<\/div>\n\t\t\t\t\t<\/div>\n\t\t<\/div>\n\t\t\t\t<div class=\"elementor-column elementor-col-25 elementor-top-column elementor-element elementor-element-b1d75a7\" data-id=\"b1d75a7\" data-element_type=\"column\" data-e-type=\"column\">\n\t\t\t<div class=\"elementor-widget-wrap elementor-element-populated\">\n\t\t\t\t\t\t<div class=\"elementor-element elementor-element-b901754 elementor-widget elementor-widget-image\" data-id=\"b901754\" data-element_type=\"widget\" data-e-type=\"widget\" data-widget_type=\"image.default\">\n\t\t\t\t<div class=\"elementor-widget-container\">\n\t\t\t\t\t\t\t\t\t\t\t\t\t\t\t\t<a href=\"https:\/\/www.ebroresilience.com\/en\/wetlands-in-the-ebro-resilience-territory-la-nava-and-la-roza-alfaro-la-rioja\/\" target=\"_blank\">\n\t\t\t\t\t\t\t<img loading=\"lazy\" decoding=\"async\" width=\"1024\" height=\"1024\" src=\"https:\/\/www.ebroresilience.com\/wp-content\/uploads\/2025\/02\/4-2-1024x1024.png\" class=\"attachment-large size-large wp-image-13432\" alt=\"\" srcset=\"https:\/\/www.ebroresilience.com\/wp-content\/uploads\/2025\/02\/4-2-1024x1024.png 1024w, https:\/\/www.ebroresilience.com\/wp-content\/uploads\/2025\/02\/4-2-300x300.png 300w, https:\/\/www.ebroresilience.com\/wp-content\/uploads\/2025\/02\/4-2-150x150.png 150w, https:\/\/www.ebroresilience.com\/wp-content\/uploads\/2025\/02\/4-2-768x768.png 768w, https:\/\/www.ebroresilience.com\/wp-content\/uploads\/2025\/02\/4-2-75x75.png 75w, https:\/\/www.ebroresilience.com\/wp-content\/uploads\/2025\/02\/4-2-480x480.png 480w, https:\/\/www.ebroresilience.com\/wp-content\/uploads\/2025\/02\/4-2.png 1181w\" sizes=\"(max-width:767px) 480px, (max-width:1024px) 100vw, 1024px\" \/>\t\t\t\t\t\t\t\t<\/a>\n\t\t\t\t\t\t\t\t\t\t\t\t\t\t\t<\/div>\n\t\t\t\t<\/div>\n\t\t\t\t\t<\/div>\n\t\t<\/div>\n\t\t\t\t\t<\/div>\n\t\t<\/section>\n\t\t\t\t<section class=\"elementor-section elementor-top-section elementor-element elementor-element-462345a elementor-section-boxed elementor-section-height-default elementor-section-height-default\" data-id=\"462345a\" data-element_type=\"section\" data-e-type=\"section\">\n\t\t\t\t\t\t<div class=\"elementor-container elementor-column-gap-default\">\n\t\t\t\t\t<div class=\"elementor-column elementor-col-25 elementor-top-column elementor-element elementor-element-e98a878\" data-id=\"e98a878\" data-element_type=\"column\" data-e-type=\"column\">\n\t\t\t<div class=\"elementor-widget-wrap elementor-element-populated\">\n\t\t\t\t\t\t<div class=\"elementor-element elementor-element-40e855f elementor-widget elementor-widget-image\" data-id=\"40e855f\" data-element_type=\"widget\" data-e-type=\"widget\" data-widget_type=\"image.default\">\n\t\t\t\t<div class=\"elementor-widget-container\">\n\t\t\t\t\t\t\t\t\t\t\t\t\t\t\t<img loading=\"lazy\" decoding=\"async\" width=\"1024\" height=\"853\" src=\"https:\/\/www.ebroresilience.com\/wp-content\/uploads\/2025\/02\/4-1-1024x853.png\" class=\"attachment-large size-large wp-image-13311\" alt=\"Meander of La Roza\" srcset=\"https:\/\/www.ebroresilience.com\/wp-content\/uploads\/2025\/02\/4-1-1024x853.png 1024w, https:\/\/www.ebroresilience.com\/wp-content\/uploads\/2025\/02\/4-1-300x250.png 300w, https:\/\/www.ebroresilience.com\/wp-content\/uploads\/2025\/02\/4-1-768x640.png 768w, https:\/\/www.ebroresilience.com\/wp-content\/uploads\/2025\/02\/4-1-90x75.png 90w, https:\/\/www.ebroresilience.com\/wp-content\/uploads\/2025\/02\/4-1-480x400.png 480w, https:\/\/www.ebroresilience.com\/wp-content\/uploads\/2025\/02\/4-1.png 1417w\" sizes=\"(max-width:767px) 480px, (max-width:1024px) 100vw, 1024px\" \/>\t\t\t\t\t\t\t\t\t\t\t\t\t\t\t<\/div>\n\t\t\t\t<\/div>\n\t\t\t\t\t<\/div>\n\t\t<\/div>\n\t\t\t\t<div class=\"elementor-column elementor-col-25 elementor-top-column elementor-element elementor-element-c6c8926\" data-id=\"c6c8926\" data-element_type=\"column\" data-e-type=\"column\">\n\t\t\t<div class=\"elementor-widget-wrap elementor-element-populated\">\n\t\t\t\t\t\t<div class=\"elementor-element elementor-element-761c182 elementor-widget elementor-widget-image\" data-id=\"761c182\" data-element_type=\"widget\" data-e-type=\"widget\" data-widget_type=\"image.default\">\n\t\t\t\t<div class=\"elementor-widget-container\">\n\t\t\t\t\t\t\t\t\t\t\t\t\t\t\t<img loading=\"lazy\" decoding=\"async\" width=\"1024\" height=\"853\" src=\"https:\/\/www.ebroresilience.com\/wp-content\/uploads\/2025\/02\/18-1024x853.png\" class=\"attachment-large size-large wp-image-13254\" alt=\"\" srcset=\"https:\/\/www.ebroresilience.com\/wp-content\/uploads\/2025\/02\/18-1024x853.png 1024w, https:\/\/www.ebroresilience.com\/wp-content\/uploads\/2025\/02\/18-300x250.png 300w, https:\/\/www.ebroresilience.com\/wp-content\/uploads\/2025\/02\/18-768x640.png 768w, https:\/\/www.ebroresilience.com\/wp-content\/uploads\/2025\/02\/18-90x75.png 90w, https:\/\/www.ebroresilience.com\/wp-content\/uploads\/2025\/02\/18-480x400.png 480w, https:\/\/www.ebroresilience.com\/wp-content\/uploads\/2025\/02\/18.png 1417w\" sizes=\"(max-width:767px) 480px, (max-width:1024px) 100vw, 1024px\" \/>\t\t\t\t\t\t\t\t\t\t\t\t\t\t\t<\/div>\n\t\t\t\t<\/div>\n\t\t\t\t\t<\/div>\n\t\t<\/div>\n\t\t\t\t<div class=\"elementor-column elementor-col-25 elementor-top-column elementor-element elementor-element-67e6709\" data-id=\"67e6709\" data-element_type=\"column\" data-e-type=\"column\">\n\t\t\t<div class=\"elementor-widget-wrap elementor-element-populated\">\n\t\t\t\t\t\t<div class=\"elementor-element elementor-element-d80ac4e elementor-widget elementor-widget-image\" data-id=\"d80ac4e\" data-element_type=\"widget\" data-e-type=\"widget\" data-widget_type=\"image.default\">\n\t\t\t\t<div class=\"elementor-widget-container\">\n\t\t\t\t\t\t\t\t\t\t\t\t\t\t\t<img loading=\"lazy\" decoding=\"async\" width=\"1024\" height=\"853\" src=\"https:\/\/www.ebroresilience.com\/wp-content\/uploads\/2025\/02\/17-1024x853.png\" class=\"attachment-large size-large wp-image-13248\" alt=\"\" srcset=\"https:\/\/www.ebroresilience.com\/wp-content\/uploads\/2025\/02\/17-1024x853.png 1024w, https:\/\/www.ebroresilience.com\/wp-content\/uploads\/2025\/02\/17-300x250.png 300w, https:\/\/www.ebroresilience.com\/wp-content\/uploads\/2025\/02\/17-768x640.png 768w, https:\/\/www.ebroresilience.com\/wp-content\/uploads\/2025\/02\/17-90x75.png 90w, https:\/\/www.ebroresilience.com\/wp-content\/uploads\/2025\/02\/17-480x400.png 480w, https:\/\/www.ebroresilience.com\/wp-content\/uploads\/2025\/02\/17.png 1417w\" sizes=\"(max-width:767px) 480px, (max-width:1024px) 100vw, 1024px\" \/>\t\t\t\t\t\t\t\t\t\t\t\t\t\t\t<\/div>\n\t\t\t\t<\/div>\n\t\t\t\t\t<\/div>\n\t\t<\/div>\n\t\t\t\t<div class=\"elementor-column elementor-col-25 elementor-top-column elementor-element elementor-element-32d42a0\" data-id=\"32d42a0\" data-element_type=\"column\" data-e-type=\"column\">\n\t\t\t<div class=\"elementor-widget-wrap elementor-element-populated\">\n\t\t\t\t\t\t<div class=\"elementor-element elementor-element-c2488a8 elementor-widget elementor-widget-image\" data-id=\"c2488a8\" data-element_type=\"widget\" data-e-type=\"widget\" data-widget_type=\"image.default\">\n\t\t\t\t<div class=\"elementor-widget-container\">\n\t\t\t\t\t\t\t\t\t\t\t\t\t\t\t<img loading=\"lazy\" decoding=\"async\" width=\"1024\" height=\"767\" src=\"https:\/\/www.ebroresilience.com\/wp-content\/uploads\/2024\/07\/LAROZA-20240227093215_0034_D-1024x767.jpg\" class=\"attachment-large size-large wp-image-11866\" alt=\"\" srcset=\"https:\/\/www.ebroresilience.com\/wp-content\/uploads\/2024\/07\/LAROZA-20240227093215_0034_D-1024x767.jpg 1024w, https:\/\/www.ebroresilience.com\/wp-content\/uploads\/2024\/07\/LAROZA-20240227093215_0034_D-300x225.jpg 300w, https:\/\/www.ebroresilience.com\/wp-content\/uploads\/2024\/07\/LAROZA-20240227093215_0034_D-768x575.jpg 768w, https:\/\/www.ebroresilience.com\/wp-content\/uploads\/2024\/07\/LAROZA-20240227093215_0034_D-1536x1150.jpg 1536w, https:\/\/www.ebroresilience.com\/wp-content\/uploads\/2024\/07\/LAROZA-20240227093215_0034_D-2048x1534.jpg 2048w, https:\/\/www.ebroresilience.com\/wp-content\/uploads\/2024\/07\/LAROZA-20240227093215_0034_D-195x146.jpg 195w, https:\/\/www.ebroresilience.com\/wp-content\/uploads\/2024\/07\/LAROZA-20240227093215_0034_D-50x37.jpg 50w, https:\/\/www.ebroresilience.com\/wp-content\/uploads\/2024\/07\/LAROZA-20240227093215_0034_D-100x75.jpg 100w, https:\/\/www.ebroresilience.com\/wp-content\/uploads\/2024\/07\/LAROZA-20240227093215_0034_D-960x720.jpg 960w\" sizes=\"(max-width:767px) 480px, (max-width:1024px) 100vw, 1024px\" \/>\t\t\t\t\t\t\t\t\t\t\t\t\t\t\t<\/div>\n\t\t\t\t<\/div>\n\t\t\t\t\t<\/div>\n\t\t<\/div>\n\t\t\t\t\t<\/div>\n\t\t<\/section>\n\t\t\t\t<section class=\"elementor-section elementor-top-section elementor-element elementor-element-0ab3704 elementor-section-boxed elementor-section-height-default elementor-section-height-default\" data-id=\"0ab3704\" data-element_type=\"section\" data-e-type=\"section\">\n\t\t\t\t\t\t<div class=\"elementor-container elementor-column-gap-default\">\n\t\t\t\t\t<div class=\"elementor-column elementor-col-100 elementor-top-column elementor-element elementor-element-f3d8f59\" data-id=\"f3d8f59\" data-element_type=\"column\" data-e-type=\"column\">\n\t\t\t<div class=\"elementor-widget-wrap elementor-element-populated\">\n\t\t\t\t\t\t<div class=\"elementor-element elementor-element-52f45e6 elementor-widget elementor-widget-text-editor\" data-id=\"52f45e6\" data-element_type=\"widget\" data-e-type=\"widget\" data-widget_type=\"text-editor.default\">\n\t\t\t\t<div class=\"elementor-widget-container\">\n\t\t\t\t\t\t\t\t\t<h3><strong>Environmental restoration of the meander of La Roza: <\/strong>plantations <span style=\"color: #339966;\"><span style=\"color: #ff0000;\">completed<\/span><\/span>. In follow-up phase. <\/h3><h3><span style=\"color: #199119;\"><span style=\"color: #000000;\">The Government of La Rioja introduces <b>4,650 specimens of species typical of the banks of the Ebro<\/b> and its groves, imitating the natural growth of riparian vegetation and occupying about<b>12 hectares of intervention area<\/b>. In addition, the first cuttings were planted by the Ebro Hydrographic Confederation at the limits of the new relief channel as part of the morphological adaptation.  <\/span><\/span><span style=\"color: #000000;\"> <\/span><\/h3>\t\t\t\t\t\t\t\t<\/div>\n\t\t\t\t<\/div>\n\t\t\t\t\t<\/div>\n\t\t<\/div>\n\t\t\t\t\t<\/div>\n\t\t<\/section>\n\t\t\t\t<section class=\"elementor-section elementor-top-section elementor-element elementor-element-bab7fcb elementor-section-boxed elementor-section-height-default elementor-section-height-default\" data-id=\"bab7fcb\" data-element_type=\"section\" data-e-type=\"section\">\n\t\t\t\t\t\t<div class=\"elementor-container elementor-column-gap-default\">\n\t\t\t\t\t<div class=\"elementor-column elementor-col-100 elementor-top-column elementor-element elementor-element-9235549\" data-id=\"9235549\" data-element_type=\"column\" data-e-type=\"column\">\n\t\t\t<div class=\"elementor-widget-wrap elementor-element-populated\">\n\t\t\t\t\t\t<div class=\"elementor-element elementor-element-4af720c elementor-widget elementor-widget-button\" data-id=\"4af720c\" data-element_type=\"widget\" data-e-type=\"widget\" data-widget_type=\"button.default\">\n\t\t\t\t<div class=\"elementor-widget-container\">\n\t\t\t\t\t\t\t\t\t<div class=\"elementor-button-wrapper\">\n\t\t\t\t\t<a class=\"elementor-button elementor-button-link elementor-size-sm\" href=\"https:\/\/youtu.be\/FJBC3caT2OY?si=s5rEjIH5vWzteOma\" target=\"_blank\">\n\t\t\t\t\t\t<span class=\"elementor-button-content-wrapper\">\n\t\t\t\t\t\t\t\t\t<span class=\"elementor-button-text\">Latest news on environmental restoration<\/span>\n\t\t\t\t\t<\/span>\n\t\t\t\t\t<\/a>\n\t\t\t\t<\/div>\n\t\t\t\t\t\t\t\t<\/div>\n\t\t\t\t<\/div>\n\t\t\t\t\t<\/div>\n\t\t<\/div>\n\t\t\t\t\t<\/div>\n\t\t<\/section>\n\t\t\t\t<section class=\"elementor-section elementor-top-section elementor-element elementor-element-61d7e8f elementor-section-boxed elementor-section-height-default elementor-section-height-default\" data-id=\"61d7e8f\" data-element_type=\"section\" data-e-type=\"section\">\n\t\t\t\t\t\t<div class=\"elementor-container elementor-column-gap-default\">\n\t\t\t\t\t<div class=\"elementor-column elementor-col-50 elementor-top-column elementor-element elementor-element-6e6a118\" data-id=\"6e6a118\" data-element_type=\"column\" data-e-type=\"column\">\n\t\t\t<div class=\"elementor-widget-wrap elementor-element-populated\">\n\t\t\t\t\t\t<div class=\"elementor-element elementor-element-bea410e elementor-widget elementor-widget-image\" data-id=\"bea410e\" data-element_type=\"widget\" data-e-type=\"widget\" data-widget_type=\"image.default\">\n\t\t\t\t<div class=\"elementor-widget-container\">\n\t\t\t\t\t\t\t\t\t\t\t\t\t\t\t<img loading=\"lazy\" decoding=\"async\" width=\"300\" height=\"225\" src=\"https:\/\/www.ebroresilience.com\/wp-content\/uploads\/2024\/02\/PLANTACION-LA-ROZA-9-6-DE-FEBRERO-300x225.jpeg\" class=\"attachment-medium size-medium wp-image-9672\" alt=\"Plantation carried out during the environmental restoration in the meander of La Roza, in Alfaro, La Rioja.\" srcset=\"https:\/\/www.ebroresilience.com\/wp-content\/uploads\/2024\/02\/PLANTACION-LA-ROZA-9-6-DE-FEBRERO-300x225.jpeg 300w, https:\/\/www.ebroresilience.com\/wp-content\/uploads\/2024\/02\/PLANTACION-LA-ROZA-9-6-DE-FEBRERO-1024x768.jpeg 1024w, https:\/\/www.ebroresilience.com\/wp-content\/uploads\/2024\/02\/PLANTACION-LA-ROZA-9-6-DE-FEBRERO-768x576.jpeg 768w, https:\/\/www.ebroresilience.com\/wp-content\/uploads\/2024\/02\/PLANTACION-LA-ROZA-9-6-DE-FEBRERO-1536x1152.jpeg 1536w, https:\/\/www.ebroresilience.com\/wp-content\/uploads\/2024\/02\/PLANTACION-LA-ROZA-9-6-DE-FEBRERO-195x146.jpeg 195w, https:\/\/www.ebroresilience.com\/wp-content\/uploads\/2024\/02\/PLANTACION-LA-ROZA-9-6-DE-FEBRERO-50x38.jpeg 50w, https:\/\/www.ebroresilience.com\/wp-content\/uploads\/2024\/02\/PLANTACION-LA-ROZA-9-6-DE-FEBRERO-100x75.jpeg 100w, https:\/\/www.ebroresilience.com\/wp-content\/uploads\/2024\/02\/PLANTACION-LA-ROZA-9-6-DE-FEBRERO-960x720.jpeg 960w, https:\/\/www.ebroresilience.com\/wp-content\/uploads\/2024\/02\/PLANTACION-LA-ROZA-9-6-DE-FEBRERO.jpeg 2040w\" sizes=\"(max-width:767px) 300px, 300px\" \/>\t\t\t\t\t\t\t\t\t\t\t\t\t\t\t<\/div>\n\t\t\t\t<\/div>\n\t\t\t\t\t<\/div>\n\t\t<\/div>\n\t\t\t\t<div class=\"elementor-column elementor-col-50 elementor-top-column elementor-element elementor-element-a1f3a61\" data-id=\"a1f3a61\" data-element_type=\"column\" data-e-type=\"column\">\n\t\t\t<div class=\"elementor-widget-wrap elementor-element-populated\">\n\t\t\t\t\t\t<div class=\"elementor-element elementor-element-60796b0 elementor-widget elementor-widget-image\" data-id=\"60796b0\" data-element_type=\"widget\" data-e-type=\"widget\" data-widget_type=\"image.default\">\n\t\t\t\t<div class=\"elementor-widget-container\">\n\t\t\t\t\t\t\t\t\t\t\t\t\t\t\t<img loading=\"lazy\" decoding=\"async\" width=\"300\" height=\"225\" src=\"https:\/\/www.ebroresilience.com\/wp-content\/uploads\/2024\/02\/PLANTACION-LA-ROZA-8-6-DE-FEBRERO-300x225.jpeg\" class=\"attachment-medium size-medium wp-image-9680\" alt=\"Plantations carried out during the environmental restoration of the meander of La Roza, Alfaro, La Rioja.\" srcset=\"https:\/\/www.ebroresilience.com\/wp-content\/uploads\/2024\/02\/PLANTACION-LA-ROZA-8-6-DE-FEBRERO-300x225.jpeg 300w, https:\/\/www.ebroresilience.com\/wp-content\/uploads\/2024\/02\/PLANTACION-LA-ROZA-8-6-DE-FEBRERO-1024x768.jpeg 1024w, https:\/\/www.ebroresilience.com\/wp-content\/uploads\/2024\/02\/PLANTACION-LA-ROZA-8-6-DE-FEBRERO-768x576.jpeg 768w, https:\/\/www.ebroresilience.com\/wp-content\/uploads\/2024\/02\/PLANTACION-LA-ROZA-8-6-DE-FEBRERO-1536x1152.jpeg 1536w, https:\/\/www.ebroresilience.com\/wp-content\/uploads\/2024\/02\/PLANTACION-LA-ROZA-8-6-DE-FEBRERO-195x146.jpeg 195w, https:\/\/www.ebroresilience.com\/wp-content\/uploads\/2024\/02\/PLANTACION-LA-ROZA-8-6-DE-FEBRERO-50x38.jpeg 50w, https:\/\/www.ebroresilience.com\/wp-content\/uploads\/2024\/02\/PLANTACION-LA-ROZA-8-6-DE-FEBRERO-100x75.jpeg 100w, https:\/\/www.ebroresilience.com\/wp-content\/uploads\/2024\/02\/PLANTACION-LA-ROZA-8-6-DE-FEBRERO-960x720.jpeg 960w, https:\/\/www.ebroresilience.com\/wp-content\/uploads\/2024\/02\/PLANTACION-LA-ROZA-8-6-DE-FEBRERO.jpeg 2040w\" sizes=\"(max-width:767px) 300px, 300px\" \/>\t\t\t\t\t\t\t\t\t\t\t\t\t\t\t<\/div>\n\t\t\t\t<\/div>\n\t\t\t\t\t<\/div>\n\t\t<\/div>\n\t\t\t\t\t<\/div>\n\t\t<\/section>\n\t\t\t\t<section class=\"elementor-section elementor-top-section elementor-element elementor-element-95104ff elementor-section-boxed elementor-section-height-default elementor-section-height-default\" data-id=\"95104ff\" data-element_type=\"section\" data-e-type=\"section\">\n\t\t\t\t\t\t<div class=\"elementor-container elementor-column-gap-default\">\n\t\t\t\t\t<div class=\"elementor-column elementor-col-100 elementor-top-column elementor-element elementor-element-906a99c\" data-id=\"906a99c\" data-element_type=\"column\" data-e-type=\"column\">\n\t\t\t<div class=\"elementor-widget-wrap elementor-element-populated\">\n\t\t\t\t\t\t<div class=\"elementor-element elementor-element-8e790d1 elementor-widget elementor-widget-text-editor\" data-id=\"8e790d1\" data-element_type=\"widget\" data-e-type=\"widget\" data-widget_type=\"text-editor.default\">\n\t\t\t\t<div class=\"elementor-widget-container\">\n\t\t\t\t\t\t\t\t\t<h3><strong style=\"font-family: Roboto, Arial, Tahoma, sans-serif; font-size: 25px; letter-spacing: 0px;\">Soto de Alfaro<\/strong><\/h3><h3>Nature-based solutions. <strong><span style=\"color: #ff0000;\">Concluded<\/span><\/strong> by the Ebro Hydrographic Confederation. Intervention also included in the Combined Actions Tranche.<\/h3><h3><span style=\"color: #000000;\">The project consists of the <strong>recovery of river branches in an area of 60 hectares<\/strong> to promote the role of the meander as a fluvial space. The reopening of water paths allows the irrigation of the undergrowth and the recovery of the fluvial dynamics.<\/span><\/h3>\t\t\t\t\t\t\t\t<\/div>\n\t\t\t\t<\/div>\n\t\t\t\t\t<\/div>\n\t\t<\/div>\n\t\t\t\t\t<\/div>\n\t\t<\/section>\n\t\t\t\t<section class=\"elementor-section elementor-top-section elementor-element elementor-element-31442cf elementor-section-boxed elementor-section-height-default elementor-section-height-default\" data-id=\"31442cf\" data-element_type=\"section\" data-e-type=\"section\">\n\t\t\t\t\t\t<div class=\"elementor-container elementor-column-gap-default\">\n\t\t\t\t\t<div class=\"elementor-column elementor-col-100 elementor-top-column elementor-element elementor-element-c517be7\" data-id=\"c517be7\" data-element_type=\"column\" data-e-type=\"column\">\n\t\t\t<div class=\"elementor-widget-wrap elementor-element-populated\">\n\t\t\t\t\t\t<div class=\"elementor-element elementor-element-b6db888 elementor-widget elementor-widget-button\" data-id=\"b6db888\" data-element_type=\"widget\" data-e-type=\"widget\" data-widget_type=\"button.default\">\n\t\t\t\t<div class=\"elementor-widget-container\">\n\t\t\t\t\t\t\t\t\t<div class=\"elementor-button-wrapper\">\n\t\t\t\t\t<a class=\"elementor-button elementor-button-link elementor-size-sm\" href=\"https:\/\/www.ebroresilience.com\/en\/plantations-in-soto-de-alfaro-last-milestone-to-recover-the-functionality-of-the-meander\/\" target=\"_blank\">\n\t\t\t\t\t\t<span class=\"elementor-button-content-wrapper\">\n\t\t\t\t\t\t\t\t\t<span class=\"elementor-button-text\">Latest news about Soto de Alfaro<\/span>\n\t\t\t\t\t<\/span>\n\t\t\t\t\t<\/a>\n\t\t\t\t<\/div>\n\t\t\t\t\t\t\t\t<\/div>\n\t\t\t\t<\/div>\n\t\t\t\t\t<\/div>\n\t\t<\/div>\n\t\t\t\t\t<\/div>\n\t\t<\/section>\n\t\t\t\t<section class=\"elementor-section elementor-top-section elementor-element elementor-element-505e7a1 elementor-section-boxed elementor-section-height-default elementor-section-height-default\" data-id=\"505e7a1\" data-element_type=\"section\" data-e-type=\"section\">\n\t\t\t\t\t\t<div class=\"elementor-container elementor-column-gap-default\">\n\t\t\t\t\t<div class=\"elementor-column elementor-col-100 elementor-top-column elementor-element elementor-element-b564521\" data-id=\"b564521\" data-element_type=\"column\" data-e-type=\"column\">\n\t\t\t<div class=\"elementor-widget-wrap elementor-element-populated\">\n\t\t\t\t\t\t<div class=\"elementor-element elementor-element-2404142 elementor--v-position-top elementor--h-position-center elementor-arrows-position-inside elementor-pagination-position-inside elementor-widget elementor-widget-slides\" data-id=\"2404142\" data-element_type=\"widget\" data-e-type=\"widget\" data-settings=\"{&quot;navigation&quot;:&quot;both&quot;,&quot;autoplay&quot;:&quot;yes&quot;,&quot;pause_on_hover&quot;:&quot;yes&quot;,&quot;pause_on_interaction&quot;:&quot;yes&quot;,&quot;autoplay_speed&quot;:5000,&quot;infinite&quot;:&quot;yes&quot;,&quot;transition&quot;:&quot;slide&quot;,&quot;transition_speed&quot;:500}\" data-widget_type=\"slides.default\">\n\t\t\t\t<div class=\"elementor-widget-container\">\n\t\t\t\t\t\t\t\t\t<div class=\"elementor-swiper\">\n\t\t\t\t\t<div class=\"elementor-slides-wrapper elementor-main-swiper swiper\" role=\"region\" aria-roledescription=\"carousel\" aria-label=\"Diapositivas\" dir=\"ltr\" data-animation=\"fadeInUp\">\n\t\t\t\t<div class=\"swiper-wrapper elementor-slides\">\n\t\t\t\t\t\t\t\t\t\t<div class=\"elementor-repeater-item-88cd13c swiper-slide\" role=\"group\" aria-roledescription=\"slide\"><div class=\"swiper-slide-bg\"><\/div><div class=\"swiper-slide-inner\" ><div class=\"swiper-slide-contents\"><div class=\"elementor-slide-description\"><p>An example of participatory actions: getting to know on the ground the actions for the recovery of river branches in Alfaro.  <\/p>\n<\/div><a href=\"https:\/\/www.ebroresilience.com\/en\/getting-to-know-on-the-ground-the-actions-for-the-recovery-of-river-branches-in-the-soto-de-alfaro\/\" target=\"_blank\" class=\"elementor-button elementor-slide-button elementor-size-sm\">Get to know him at<\/a><\/div><\/div><\/div>\t\t\t\t<\/div>\n\t\t\t\t\t\t\t<\/div>\n\t\t\t\t<\/div>\n\t\t\t\t\t\t\t\t<\/div>\n\t\t\t\t<\/div>\n\t\t\t\t\t<\/div>\n\t\t<\/div>\n\t\t\t\t\t<\/div>\n\t\t<\/section>\n\t\t\t\t<section class=\"elementor-section elementor-top-section elementor-element elementor-element-a4ce1ad elementor-section-boxed elementor-section-height-default elementor-section-height-default\" data-id=\"a4ce1ad\" data-element_type=\"section\" data-e-type=\"section\">\n\t\t\t\t\t\t<div class=\"elementor-container elementor-column-gap-default\">\n\t\t\t\t\t<div class=\"elementor-column elementor-col-50 elementor-top-column elementor-element elementor-element-fc26e31\" data-id=\"fc26e31\" data-element_type=\"column\" data-e-type=\"column\">\n\t\t\t<div class=\"elementor-widget-wrap elementor-element-populated\">\n\t\t\t\t\t\t<div class=\"elementor-element elementor-element-7c9df67 elementor-widget elementor-widget-image\" data-id=\"7c9df67\" data-element_type=\"widget\" data-e-type=\"widget\" data-widget_type=\"image.default\">\n\t\t\t\t<div class=\"elementor-widget-container\">\n\t\t\t\t\t\t\t\t\t\t\t\t\t\t\t<img loading=\"lazy\" decoding=\"async\" width=\"1024\" height=\"684\" src=\"https:\/\/www.ebroresilience.com\/wp-content\/uploads\/2024\/06\/Soto-de-Alfaro-foto-de-grupo-copia-1024x684.jpeg\" class=\"attachment-large size-large wp-image-11758\" alt=\"Visit to the work of recovery of old river branches in the Soto de Alfaro by the members of the participation areas of the LIFE Ebro Resilience P1 project.\" srcset=\"https:\/\/www.ebroresilience.com\/wp-content\/uploads\/2024\/06\/Soto-de-Alfaro-foto-de-grupo-copia-1024x684.jpeg 1024w, https:\/\/www.ebroresilience.com\/wp-content\/uploads\/2024\/06\/Soto-de-Alfaro-foto-de-grupo-copia-300x200.jpeg 300w, https:\/\/www.ebroresilience.com\/wp-content\/uploads\/2024\/06\/Soto-de-Alfaro-foto-de-grupo-copia-768x513.jpeg 768w, https:\/\/www.ebroresilience.com\/wp-content\/uploads\/2024\/06\/Soto-de-Alfaro-foto-de-grupo-copia-1536x1026.jpeg 1536w, https:\/\/www.ebroresilience.com\/wp-content\/uploads\/2024\/06\/Soto-de-Alfaro-foto-de-grupo-copia-2048x1368.jpeg 2048w, https:\/\/www.ebroresilience.com\/wp-content\/uploads\/2024\/06\/Soto-de-Alfaro-foto-de-grupo-copia-219x146.jpeg 219w, https:\/\/www.ebroresilience.com\/wp-content\/uploads\/2024\/06\/Soto-de-Alfaro-foto-de-grupo-copia-50x33.jpeg 50w, https:\/\/www.ebroresilience.com\/wp-content\/uploads\/2024\/06\/Soto-de-Alfaro-foto-de-grupo-copia-112x75.jpeg 112w\" sizes=\"(max-width:767px) 480px, (max-width:1024px) 100vw, 1024px\" \/>\t\t\t\t\t\t\t\t\t\t\t\t\t\t\t<\/div>\n\t\t\t\t<\/div>\n\t\t\t\t\t<\/div>\n\t\t<\/div>\n\t\t\t\t<div class=\"elementor-column elementor-col-50 elementor-top-column elementor-element elementor-element-fbea918\" data-id=\"fbea918\" data-element_type=\"column\" data-e-type=\"column\">\n\t\t\t<div class=\"elementor-widget-wrap elementor-element-populated\">\n\t\t\t\t\t\t<div class=\"elementor-element elementor-element-f4dda12 elementor-widget elementor-widget-image\" data-id=\"f4dda12\" data-element_type=\"widget\" data-e-type=\"widget\" data-widget_type=\"image.default\">\n\t\t\t\t<div class=\"elementor-widget-container\">\n\t\t\t\t\t\t\t\t\t\t\t\t\t\t\t<img loading=\"lazy\" decoding=\"async\" width=\"1024\" height=\"853\" src=\"https:\/\/www.ebroresilience.com\/wp-content\/uploads\/2025\/02\/20-1024x853.png\" class=\"attachment-large size-large wp-image-13264\" alt=\"\" srcset=\"https:\/\/www.ebroresilience.com\/wp-content\/uploads\/2025\/02\/20-1024x853.png 1024w, https:\/\/www.ebroresilience.com\/wp-content\/uploads\/2025\/02\/20-300x250.png 300w, https:\/\/www.ebroresilience.com\/wp-content\/uploads\/2025\/02\/20-768x640.png 768w, https:\/\/www.ebroresilience.com\/wp-content\/uploads\/2025\/02\/20-90x75.png 90w, https:\/\/www.ebroresilience.com\/wp-content\/uploads\/2025\/02\/20-480x400.png 480w, https:\/\/www.ebroresilience.com\/wp-content\/uploads\/2025\/02\/20.png 1417w\" sizes=\"(max-width:767px) 480px, (max-width:1024px) 100vw, 1024px\" \/>\t\t\t\t\t\t\t\t\t\t\t\t\t\t\t<\/div>\n\t\t\t\t<\/div>\n\t\t\t\t\t<\/div>\n\t\t<\/div>\n\t\t\t\t\t<\/div>\n\t\t<\/section>\n\t\t\t\t<section class=\"elementor-section elementor-top-section elementor-element elementor-element-c739c6f elementor-section-boxed elementor-section-height-default elementor-section-height-default\" data-id=\"c739c6f\" data-element_type=\"section\" data-e-type=\"section\">\n\t\t\t\t\t\t<div class=\"elementor-container elementor-column-gap-default\">\n\t\t\t\t\t<div class=\"elementor-column elementor-col-100 elementor-top-column elementor-element elementor-element-57b7975\" data-id=\"57b7975\" data-element_type=\"column\" data-e-type=\"column\">\n\t\t\t<div class=\"elementor-widget-wrap elementor-element-populated\">\n\t\t\t\t\t\t<div class=\"elementor-element elementor-element-82482e2 elementor-widget elementor-widget-text-editor\" data-id=\"82482e2\" data-element_type=\"widget\" data-e-type=\"widget\" data-widget_type=\"text-editor.default\">\n\t\t\t\t<div class=\"elementor-widget-container\">\n\t\t\t\t\t\t\t\t\t<h3><strong style=\"font-family: Roboto, Arial, Tahoma, sans-serif; font-size: 25px; letter-spacing: 0px;\">3. Meander of El Se\u00f1or\u00edo, Castej\u00f3n, Navarre<\/strong><\/h3><h3>The public information file for the project has been approved and the land for the morphological <strong><span style=\"color: #ff6600;\">pending availability of the land for the morphological adaptation.<\/span><\/strong><\/h3><h3><span style=\"color: #000000;\"><span style=\"color: #339966;\"><strong>PHASE 1 of the environmental restoration is being executed.<\/strong><\/span>Phase 1: interventions on the left bank of the Ebro river in front of the meander of El Se\u00f1or\u00edo.<span style=\"color: #0000ff;\"> <b><a style=\"color: #0000ff;\" href=\"https:\/\/www.ebroresilience.com\/en\/plantations-on-the-left-bank-of-the-ebro-in-castejon-and-valtierra-phase-1-of-the-environmental-restoration-of-el-senorio\/\" target=\"_blank\" rel=\"noopener\">More information.<\/a><\/b><\/span><\/span><\/h3><h3><span style=\"color: #000000;\"><strong>23 hectares of river space<\/strong> in the meander <strong>were recovered<\/strong> with the removal of 1.3 km of perimeter dike in an action by the Ebro Hydrographic Confederation. In addition, the Government of Navarre, through GAN-NIK, is restoring the meander with plantations that promote and accelerate natural revegetation.<\/span><\/h3>\t\t\t\t\t\t\t\t<\/div>\n\t\t\t\t<\/div>\n\t\t\t\t\t<\/div>\n\t\t<\/div>\n\t\t\t\t\t<\/div>\n\t\t<\/section>\n\t\t\t\t<section class=\"elementor-section elementor-top-section elementor-element elementor-element-7a73f8e elementor-section-boxed elementor-section-height-default elementor-section-height-default\" data-id=\"7a73f8e\" data-element_type=\"section\" data-e-type=\"section\">\n\t\t\t\t\t\t<div class=\"elementor-container elementor-column-gap-default\">\n\t\t\t\t\t<div class=\"elementor-column elementor-col-100 elementor-top-column elementor-element elementor-element-3ea1524\" data-id=\"3ea1524\" data-element_type=\"column\" data-e-type=\"column\">\n\t\t\t<div class=\"elementor-widget-wrap elementor-element-populated\">\n\t\t\t\t\t\t<div class=\"elementor-element elementor-element-090f0c7 elementor--v-position-top elementor--h-position-center elementor-arrows-position-inside elementor-pagination-position-inside elementor-widget elementor-widget-slides\" data-id=\"090f0c7\" data-element_type=\"widget\" data-e-type=\"widget\" data-settings=\"{&quot;navigation&quot;:&quot;both&quot;,&quot;autoplay&quot;:&quot;yes&quot;,&quot;pause_on_hover&quot;:&quot;yes&quot;,&quot;pause_on_interaction&quot;:&quot;yes&quot;,&quot;autoplay_speed&quot;:5000,&quot;infinite&quot;:&quot;yes&quot;,&quot;transition&quot;:&quot;slide&quot;,&quot;transition_speed&quot;:500}\" data-widget_type=\"slides.default\">\n\t\t\t\t<div class=\"elementor-widget-container\">\n\t\t\t\t\t\t\t\t\t<div class=\"elementor-swiper\">\n\t\t\t\t\t<div class=\"elementor-slides-wrapper elementor-main-swiper swiper\" role=\"region\" aria-roledescription=\"carousel\" aria-label=\"Diapositivas\" dir=\"ltr\" data-animation=\"fadeInUp\">\n\t\t\t\t<div class=\"swiper-wrapper elementor-slides\">\n\t\t\t\t\t\t\t\t\t\t<div class=\"elementor-repeater-item-39420b1 swiper-slide\" role=\"group\" aria-roledescription=\"slide\"><div class=\"swiper-slide-bg\"><\/div><div class=\"swiper-slide-inner\" ><div class=\"swiper-slide-contents\"><div class=\"elementor-slide-description\"><p>Recovery of the river area with the removal of 1.3 km of the existing perimeter dike in the meander.<\/p>\n<\/div><\/div><\/div><\/div><div class=\"elementor-repeater-item-029bb6c swiper-slide\" role=\"group\" aria-roledescription=\"slide\"><div class=\"swiper-slide-bg\" role=\"img\" aria-label=\"Untitled design (5)\"><\/div><div class=\"swiper-slide-inner\" ><div class=\"swiper-slide-contents\"><div class=\"elementor-slide-description\"><p>Creation of a relief channel, recovering an arm of the Ebro River that will allow for water levels in flood situations.<\/p>\n<\/div><\/div><\/div><\/div><div class=\"elementor-repeater-item-4ee9d8f swiper-slide\" role=\"group\" aria-roledescription=\"slide\"><div class=\"swiper-slide-bg\"><\/div><div class=\"swiper-slide-inner\" ><div class=\"swiper-slide-contents\"><div class=\"elementor-slide-description\"><p>Restoration of the meander with plantations that promote and accelerate natural revegetation.<\/p>\n<\/div><\/div><\/div><\/div><div class=\"elementor-repeater-item-d8f6426 swiper-slide\" role=\"group\" aria-roledescription=\"slide\"><div class=\"swiper-slide-bg\" role=\"img\" aria-label=\"Untitled design (5)\"><\/div><div class=\"swiper-slide-inner\" ><div class=\"swiper-slide-contents\"><div class=\"elementor-slide-description\"><p>Connection of the natural enclaves preserved on the left bank, constituting three ecological corridors  <\/p>\n<\/div><\/div><\/div><\/div>\t\t\t\t<\/div>\n\t\t\t\t\t\t\t\t\t\t\t\t\t\t\t<div class=\"elementor-swiper-button elementor-swiper-button-prev\" role=\"button\" tabindex=\"0\" aria-label=\"Previous slide\">\n\t\t\t\t\t\t\t<i aria-hidden=\"true\" class=\"eicon-chevron-left\"><\/i>\t\t\t\t\t\t<\/div>\n\t\t\t\t\t\t<div class=\"elementor-swiper-button elementor-swiper-button-next\" role=\"button\" tabindex=\"0\" aria-label=\"Next slide\">\n\t\t\t\t\t\t\t<i aria-hidden=\"true\" class=\"eicon-chevron-right\"><\/i>\t\t\t\t\t\t<\/div>\n\t\t\t\t\t\t\t\t\t\t\t\t\t\t\t\t<div class=\"swiper-pagination\"><\/div>\n\t\t\t\t\t\t\t\t\t\t\t\t<\/div>\n\t\t\t\t<\/div>\n\t\t\t\t\t\t\t\t<\/div>\n\t\t\t\t<\/div>\n\t\t\t\t\t<\/div>\n\t\t<\/div>\n\t\t\t\t\t<\/div>\n\t\t<\/section>\n\t\t\t\t<section class=\"elementor-section elementor-top-section elementor-element elementor-element-4cf4970 elementor-section-boxed elementor-section-height-default elementor-section-height-default\" data-id=\"4cf4970\" data-element_type=\"section\" data-e-type=\"section\">\n\t\t\t\t\t\t<div class=\"elementor-container elementor-column-gap-default\">\n\t\t\t\t\t<div class=\"elementor-column elementor-col-100 elementor-top-column elementor-element elementor-element-a300a6f\" data-id=\"a300a6f\" data-element_type=\"column\" data-e-type=\"column\">\n\t\t\t<div class=\"elementor-widget-wrap elementor-element-populated\">\n\t\t\t\t\t\t<div class=\"elementor-element elementor-element-d0f2047 elementor-widget elementor-widget-button\" data-id=\"d0f2047\" data-element_type=\"widget\" data-e-type=\"widget\" data-widget_type=\"button.default\">\n\t\t\t\t<div class=\"elementor-widget-container\">\n\t\t\t\t\t\t\t\t\t<div class=\"elementor-button-wrapper\">\n\t\t\t\t\t<a class=\"elementor-button elementor-button-link elementor-size-sm\" href=\"https:\/\/www.ebroresilience.com\/en\/ideas-and-proposals-from-the-territory-life-ebro-resilience-p1-opens-new-avenues-of-participation-on-the-use-of-land-in-el-senorio\/\" target=\"_blank\">\n\t\t\t\t\t\t<span class=\"elementor-button-content-wrapper\">\n\t\t\t\t\t\t\t\t\t<span class=\"elementor-button-text\">Latest news about the meander of El Se\u00f1or\u00edo<\/span>\n\t\t\t\t\t<\/span>\n\t\t\t\t\t<\/a>\n\t\t\t\t<\/div>\n\t\t\t\t\t\t\t\t<\/div>\n\t\t\t\t<\/div>\n\t\t\t\t\t<\/div>\n\t\t<\/div>\n\t\t\t\t\t<\/div>\n\t\t<\/section>\n\t\t\t\t<section class=\"elementor-section elementor-top-section elementor-element elementor-element-173d7b6 elementor-section-boxed elementor-section-height-default elementor-section-height-default\" data-id=\"173d7b6\" data-element_type=\"section\" data-e-type=\"section\">\n\t\t\t\t\t\t<div class=\"elementor-container elementor-column-gap-default\">\n\t\t\t\t\t<div class=\"elementor-column elementor-col-100 elementor-top-column elementor-element elementor-element-2c47ce2\" data-id=\"2c47ce2\" data-element_type=\"column\" data-e-type=\"column\">\n\t\t\t<div class=\"elementor-widget-wrap elementor-element-populated\">\n\t\t\t\t\t\t<div class=\"elementor-element elementor-element-2a906dd elementor-widget elementor-widget-image\" data-id=\"2a906dd\" data-element_type=\"widget\" data-e-type=\"widget\" data-widget_type=\"image.default\">\n\t\t\t\t<div class=\"elementor-widget-container\">\n\t\t\t\t\t\t\t\t\t\t\t\t\t\t\t<img loading=\"lazy\" decoding=\"async\" width=\"768\" height=\"400\" src=\"https:\/\/www.ebroresilience.com\/wp-content\/uploads\/2024\/07\/ELSENORIO_0394-Panoramica-768x400.jpg\" class=\"attachment-medium_large size-medium_large wp-image-11885\" alt=\"Meander of El Se\u00f1or\u00edo, Castej\u00f3n, Navarre after the floods of February 2024\" srcset=\"https:\/\/www.ebroresilience.com\/wp-content\/uploads\/2024\/07\/ELSENORIO_0394-Panoramica-768x400.jpg 768w, https:\/\/www.ebroresilience.com\/wp-content\/uploads\/2024\/07\/ELSENORIO_0394-Panoramica-300x156.jpg 300w, https:\/\/www.ebroresilience.com\/wp-content\/uploads\/2024\/07\/ELSENORIO_0394-Panoramica-1024x533.jpg 1024w, https:\/\/www.ebroresilience.com\/wp-content\/uploads\/2024\/07\/ELSENORIO_0394-Panoramica-1536x800.jpg 1536w, https:\/\/www.ebroresilience.com\/wp-content\/uploads\/2024\/07\/ELSENORIO_0394-Panoramica-2048x1066.jpg 2048w, https:\/\/www.ebroresilience.com\/wp-content\/uploads\/2024\/07\/ELSENORIO_0394-Panoramica-260x135.jpg 260w, https:\/\/www.ebroresilience.com\/wp-content\/uploads\/2024\/07\/ELSENORIO_0394-Panoramica-50x26.jpg 50w, https:\/\/www.ebroresilience.com\/wp-content\/uploads\/2024\/07\/ELSENORIO_0394-Panoramica-144x75.jpg 144w\" sizes=\"(max-width:767px) 480px, (max-width:768px) 100vw, 768px\" \/>\t\t\t\t\t\t\t\t\t\t\t\t\t\t\t<\/div>\n\t\t\t\t<\/div>\n\t\t\t\t\t<\/div>\n\t\t<\/div>\n\t\t\t\t\t<\/div>\n\t\t<\/section>\n\t\t\t\t<section class=\"elementor-section elementor-top-section elementor-element elementor-element-c6d9e9e elementor-section-boxed elementor-section-height-default elementor-section-height-default\" data-id=\"c6d9e9e\" data-element_type=\"section\" data-e-type=\"section\">\n\t\t\t\t\t\t<div class=\"elementor-container elementor-column-gap-default\">\n\t\t\t\t\t<div class=\"elementor-column elementor-col-100 elementor-top-column elementor-element elementor-element-29bb1e1\" data-id=\"29bb1e1\" data-element_type=\"column\" data-e-type=\"column\">\n\t\t\t<div class=\"elementor-widget-wrap elementor-element-populated\">\n\t\t\t\t\t\t<div class=\"elementor-element elementor-element-b81853d elementor-widget elementor-widget-spacer\" data-id=\"b81853d\" data-element_type=\"widget\" data-e-type=\"widget\" data-widget_type=\"spacer.default\">\n\t\t\t\t<div class=\"elementor-widget-container\">\n\t\t\t\t\t\t\t<div class=\"elementor-spacer\">\n\t\t\t<div class=\"elementor-spacer-inner\"><\/div>\n\t\t<\/div>\n\t\t\t\t\t\t<\/div>\n\t\t\t\t<\/div>\n\t\t\t\t<div class=\"elementor-element elementor-element-31ca99b elementor-widget elementor-widget-text-editor\" data-id=\"31ca99b\" data-element_type=\"widget\" data-e-type=\"widget\" data-widget_type=\"text-editor.default\">\n\t\t\t\t<div class=\"elementor-widget-container\">\n\t\t\t\t\t\t\t\t\t<h3><strong>Zone 2 <span style=\"color: #07b1e8;\">\n  <a style=\"color: #07b1e8;\" href=\"https:\/\/youtu.be\/w8AVa-rvPO0\" target=\"_blank\" rel=\"noopener\">PILOT PROJECT<\/a>\n<\/span> (Osera de Ebro &#8211; Fuentes de Ebro, Zaragoza)  <\/strong><\/h3>\t\t\t\t\t\t\t\t<\/div>\n\t\t\t\t<\/div>\n\t\t\t\t\t<\/div>\n\t\t<\/div>\n\t\t\t\t\t<\/div>\n\t\t<\/section>\n\t\t\t\t<section class=\"elementor-section elementor-top-section elementor-element elementor-element-4e7c520 elementor-section-boxed elementor-section-height-default elementor-section-height-default\" data-id=\"4e7c520\" data-element_type=\"section\" data-e-type=\"section\">\n\t\t\t\t\t\t<div class=\"elementor-container elementor-column-gap-default\">\n\t\t\t\t\t<div class=\"elementor-column elementor-col-100 elementor-top-column elementor-element elementor-element-9088a25\" data-id=\"9088a25\" data-element_type=\"column\" data-e-type=\"column\">\n\t\t\t<div class=\"elementor-widget-wrap elementor-element-populated\">\n\t\t\t\t\t\t<div class=\"elementor-element elementor-element-dceec20 elementor-widget elementor-widget-text-editor\" data-id=\"dceec20\" data-element_type=\"widget\" data-e-type=\"widget\" data-widget_type=\"text-editor.default\">\n\t\t\t\t<div class=\"elementor-widget-container\">\n\t\t\t\t\t\t\t\t\t<h3>Proposal to <strong>make an intensively cultivated agricultural area compatible with the passage of floods, <\/strong>through the creation of lateral flow buffer zones. These buffer zones will compartmentalize agricultural farms in areas that will be pre-flooded just before the levees overflow, generating water buffers that will minimize damage to farms and infrastructures. <strong>Objective: improvement of 350 hectares of agricultural land and recovery of 20 hectares of river space<\/strong>. <\/h3>\t\t\t\t\t\t\t\t<\/div>\n\t\t\t\t<\/div>\n\t\t\t\t\t<\/div>\n\t\t<\/div>\n\t\t\t\t\t<\/div>\n\t\t<\/section>\n\t\t\t\t<section class=\"elementor-section elementor-top-section elementor-element elementor-element-3180873 elementor-section-boxed elementor-section-height-default elementor-section-height-default\" data-id=\"3180873\" data-element_type=\"section\" data-e-type=\"section\">\n\t\t\t\t\t\t<div class=\"elementor-container elementor-column-gap-default\">\n\t\t\t\t\t<div class=\"elementor-column elementor-col-100 elementor-top-column elementor-element elementor-element-01c9a0c\" data-id=\"01c9a0c\" data-element_type=\"column\" data-e-type=\"column\">\n\t\t\t<div class=\"elementor-widget-wrap elementor-element-populated\">\n\t\t\t\t\t\t<div class=\"elementor-element elementor-element-aa86b73 elementor-widget elementor-widget-text-editor\" data-id=\"aa86b73\" data-element_type=\"widget\" data-e-type=\"widget\" data-widget_type=\"text-editor.default\">\n\t\t\t\t<div class=\"elementor-widget-container\">\n\t\t\t\t\t\t\t\t\t<h3><strong>1.<\/strong> <strong>Adaptation of the irrigation system of the Comunidad de Regantes de la Huerta del Ebro (Fuentes de Ebro).<\/strong><\/h3><h3> <span style=\"color: #ff0000;\"><strong> Completed<\/strong><\/span> by the Government of Aragon: installation of a new underground pipeline further away from the riverbed. The number of injuries and cuts caused by the breakage of the fenders is reduced.<\/h3>\t\t\t\t\t\t\t\t<\/div>\n\t\t\t\t<\/div>\n\t\t\t\t\t<\/div>\n\t\t<\/div>\n\t\t\t\t\t<\/div>\n\t\t<\/section>\n\t\t\t\t<section class=\"elementor-section elementor-top-section elementor-element elementor-element-aa1557d elementor-section-boxed elementor-section-height-default elementor-section-height-default\" data-id=\"aa1557d\" data-element_type=\"section\" data-e-type=\"section\">\n\t\t\t\t\t\t<div class=\"elementor-container elementor-column-gap-default\">\n\t\t\t\t\t<div class=\"elementor-column elementor-col-100 elementor-top-column elementor-element elementor-element-827efb3\" data-id=\"827efb3\" data-element_type=\"column\" data-e-type=\"column\">\n\t\t\t<div class=\"elementor-widget-wrap elementor-element-populated\">\n\t\t\t\t\t\t<div class=\"elementor-element elementor-element-e213979 elementor-widget elementor-widget-button\" data-id=\"e213979\" data-element_type=\"widget\" data-e-type=\"widget\" data-widget_type=\"button.default\">\n\t\t\t\t<div class=\"elementor-widget-container\">\n\t\t\t\t\t\t\t\t\t<div class=\"elementor-button-wrapper\">\n\t\t\t\t\t<a class=\"elementor-button elementor-button-link elementor-size-sm\" href=\"https:\/\/www.ebroresilience.com\/en\/the-second-phase-of-the-adaptation-of-the-irrigation-infrastructure-in-fuentes-de-ebro-zaragoza-begins\/\" target=\"_blank\">\n\t\t\t\t\t\t<span class=\"elementor-button-content-wrapper\">\n\t\t\t\t\t\t\t\t\t<span class=\"elementor-button-text\">Latest news on irrigation system retrofitting<\/span>\n\t\t\t\t\t<\/span>\n\t\t\t\t\t<\/a>\n\t\t\t\t<\/div>\n\t\t\t\t\t\t\t\t<\/div>\n\t\t\t\t<\/div>\n\t\t\t\t\t<\/div>\n\t\t<\/div>\n\t\t\t\t\t<\/div>\n\t\t<\/section>\n\t\t\t\t<section class=\"elementor-section elementor-top-section elementor-element elementor-element-b150153 elementor-section-boxed elementor-section-height-default elementor-section-height-default\" data-id=\"b150153\" data-element_type=\"section\" data-e-type=\"section\">\n\t\t\t\t\t\t<div class=\"elementor-container elementor-column-gap-default\">\n\t\t\t\t\t<div class=\"elementor-column elementor-col-100 elementor-top-column elementor-element elementor-element-ef75b43\" data-id=\"ef75b43\" data-element_type=\"column\" data-e-type=\"column\">\n\t\t\t<div class=\"elementor-widget-wrap elementor-element-populated\">\n\t\t\t\t\t\t<div class=\"elementor-element elementor-element-084758e elementor-widget elementor-widget-image\" data-id=\"084758e\" data-element_type=\"widget\" data-e-type=\"widget\" data-widget_type=\"image.default\">\n\t\t\t\t<div class=\"elementor-widget-container\">\n\t\t\t\t\t\t\t\t\t\t\t\t\t\t\t<img loading=\"lazy\" decoding=\"async\" width=\"768\" height=\"412\" src=\"https:\/\/www.ebroresilience.com\/wp-content\/uploads\/2024\/07\/tuberia-vista-aerea-768x412.jpeg\" class=\"attachment-medium_large size-medium_large wp-image-11887\" alt=\"Aerial view of the installation of the pipeline in Fuentes de Ebro (Zaragoza, Spain)\" srcset=\"https:\/\/www.ebroresilience.com\/wp-content\/uploads\/2024\/07\/tuberia-vista-aerea-768x412.jpeg 768w, https:\/\/www.ebroresilience.com\/wp-content\/uploads\/2024\/07\/tuberia-vista-aerea-300x161.jpeg 300w, https:\/\/www.ebroresilience.com\/wp-content\/uploads\/2024\/07\/tuberia-vista-aerea-1024x549.jpeg 1024w, https:\/\/www.ebroresilience.com\/wp-content\/uploads\/2024\/07\/tuberia-vista-aerea-260x139.jpeg 260w, https:\/\/www.ebroresilience.com\/wp-content\/uploads\/2024\/07\/tuberia-vista-aerea-50x27.jpeg 50w, https:\/\/www.ebroresilience.com\/wp-content\/uploads\/2024\/07\/tuberia-vista-aerea-140x75.jpeg 140w, https:\/\/www.ebroresilience.com\/wp-content\/uploads\/2024\/07\/tuberia-vista-aerea.jpeg 1366w\" sizes=\"(max-width:767px) 480px, (max-width:768px) 100vw, 768px\" \/>\t\t\t\t\t\t\t\t\t\t\t\t\t\t\t<\/div>\n\t\t\t\t<\/div>\n\t\t\t\t\t<\/div>\n\t\t<\/div>\n\t\t\t\t\t<\/div>\n\t\t<\/section>\n\t\t\t\t<section class=\"elementor-section elementor-top-section elementor-element elementor-element-ae0f5b8 elementor-section-boxed elementor-section-height-default elementor-section-height-default\" data-id=\"ae0f5b8\" data-element_type=\"section\" data-e-type=\"section\">\n\t\t\t\t\t\t<div class=\"elementor-container elementor-column-gap-default\">\n\t\t\t\t\t<div class=\"elementor-column elementor-col-100 elementor-top-column elementor-element elementor-element-e890997\" data-id=\"e890997\" data-element_type=\"column\" data-e-type=\"column\">\n\t\t\t<div class=\"elementor-widget-wrap\">\n\t\t\t\t\t\t\t<\/div>\n\t\t<\/div>\n\t\t\t\t\t<\/div>\n\t\t<\/section>\n\t\t\t\t<section class=\"elementor-section elementor-top-section elementor-element elementor-element-28826d0 elementor-section-boxed elementor-section-height-default elementor-section-height-default\" data-id=\"28826d0\" data-element_type=\"section\" data-e-type=\"section\">\n\t\t\t\t\t\t<div class=\"elementor-container elementor-column-gap-default\">\n\t\t\t\t\t<div class=\"elementor-column elementor-col-100 elementor-top-column elementor-element elementor-element-5cfa8d5\" data-id=\"5cfa8d5\" data-element_type=\"column\" data-e-type=\"column\">\n\t\t\t<div class=\"elementor-widget-wrap elementor-element-populated\">\n\t\t\t\t\t\t<div class=\"elementor-element elementor-element-70263e0 elementor-widget elementor-widget-button\" data-id=\"70263e0\" data-element_type=\"widget\" data-e-type=\"widget\" data-widget_type=\"button.default\">\n\t\t\t\t<div class=\"elementor-widget-container\">\n\t\t\t\t\t\t\t\t\t<div class=\"elementor-button-wrapper\">\n\t\t\t\t\t<a class=\"elementor-button elementor-button-link elementor-size-sm\" href=\"https:\/\/www.ebroresilience.com\/en\/start-of-works-to-improve-flood-resilience-in-the-osera-de-ebro-fuentes-de-ebro-section-zaragoza\/\" target=\"_blank\">\n\t\t\t\t\t\t<span class=\"elementor-button-content-wrapper\">\n\t\t\t\t\t\t\t\t\t<span class=\"elementor-button-text\">Latest news on the Osera-Fuentes resilience improvement PHASE 1<\/span>\n\t\t\t\t\t<\/span>\n\t\t\t\t\t<\/a>\n\t\t\t\t<\/div>\n\t\t\t\t\t\t\t\t<\/div>\n\t\t\t\t<\/div>\n\t\t\t\t<div class=\"elementor-element elementor-element-48f0bc1 elementor-widget elementor-widget-text-editor\" data-id=\"48f0bc1\" data-element_type=\"widget\" data-e-type=\"widget\" data-widget_type=\"text-editor.default\">\n\t\t\t\t<div class=\"elementor-widget-container\">\n\t\t\t\t\t\t\t\t\t<h3><strong>Recovery of the fluvial space.<\/strong> Improvement of resilience to flooding in the Ebro River, as it passes through Osera de Ebro and Fuentes de Ebro, in Zaragoza. Phase 1.<\/h3><h3><span style=\"color: #ff0000;\"><strong>Concluded<\/strong><\/span> by the Confederaci\u00f3n Hidrogr\u00e1fica del Ebro.<\/h3><h3>Subsequent environmental restoration of the recovered area by the Government of Arag\u00f3n <strong>is planned<\/strong>.  <\/h3><h3>Narrowing of the river channel has been eliminated, recovering the river&#8217;s drainage capacity during floods. 23 hectares have been recovered as river space. <\/h3>\t\t\t\t\t\t\t\t<\/div>\n\t\t\t\t<\/div>\n\t\t\t\t\t<\/div>\n\t\t<\/div>\n\t\t\t\t\t<\/div>\n\t\t<\/section>\n\t\t\t\t<section class=\"elementor-section elementor-top-section elementor-element elementor-element-b9a40ea elementor-section-boxed elementor-section-height-default elementor-section-height-default\" data-id=\"b9a40ea\" data-element_type=\"section\" data-e-type=\"section\">\n\t\t\t\t\t\t<div class=\"elementor-container elementor-column-gap-default\">\n\t\t\t\t\t<div class=\"elementor-column elementor-col-100 elementor-top-column elementor-element elementor-element-59964ec\" data-id=\"59964ec\" data-element_type=\"column\" data-e-type=\"column\">\n\t\t\t<div class=\"elementor-widget-wrap elementor-element-populated\">\n\t\t\t\t\t\t<div class=\"elementor-element elementor-element-5641b38 elementor-widget elementor-widget-image\" data-id=\"5641b38\" data-element_type=\"widget\" data-e-type=\"widget\" data-widget_type=\"image.default\">\n\t\t\t\t<div class=\"elementor-widget-container\">\n\t\t\t\t\t\t\t\t\t\t\t\t\t\t\t<img loading=\"lazy\" decoding=\"async\" width=\"768\" height=\"576\" src=\"https:\/\/www.ebroresilience.com\/wp-content\/uploads\/2025\/02\/OSERA-FUENTES_04-01-2025_01-768x576.jpg\" class=\"attachment-medium_large size-medium_large wp-image-13443\" alt=\"Retranche of defense in the Mejana del Conde, section Osera de Ebro - Fuentes de Ebro, Zaragoza.\" srcset=\"https:\/\/www.ebroresilience.com\/wp-content\/uploads\/2025\/02\/OSERA-FUENTES_04-01-2025_01-768x576.jpg 768w, https:\/\/www.ebroresilience.com\/wp-content\/uploads\/2025\/02\/OSERA-FUENTES_04-01-2025_01-300x225.jpg 300w, https:\/\/www.ebroresilience.com\/wp-content\/uploads\/2025\/02\/OSERA-FUENTES_04-01-2025_01-1024x767.jpg 1024w, https:\/\/www.ebroresilience.com\/wp-content\/uploads\/2025\/02\/OSERA-FUENTES_04-01-2025_01-1536x1151.jpg 1536w, https:\/\/www.ebroresilience.com\/wp-content\/uploads\/2025\/02\/OSERA-FUENTES_04-01-2025_01-2048x1535.jpg 2048w, https:\/\/www.ebroresilience.com\/wp-content\/uploads\/2025\/02\/OSERA-FUENTES_04-01-2025_01-100x75.jpg 100w, https:\/\/www.ebroresilience.com\/wp-content\/uploads\/2025\/02\/OSERA-FUENTES_04-01-2025_01-960x720.jpg 960w, https:\/\/www.ebroresilience.com\/wp-content\/uploads\/2025\/02\/OSERA-FUENTES_04-01-2025_01-480x360.jpg 480w\" sizes=\"(max-width:767px) 480px, (max-width:768px) 100vw, 768px\" \/>\t\t\t\t\t\t\t\t\t\t\t\t\t\t\t<\/div>\n\t\t\t\t<\/div>\n\t\t\t\t\t<\/div>\n\t\t<\/div>\n\t\t\t\t\t<\/div>\n\t\t<\/section>\n\t\t\t\t<section class=\"elementor-section elementor-top-section elementor-element elementor-element-a66fe58 elementor-section-boxed elementor-section-height-default elementor-section-height-default\" data-id=\"a66fe58\" data-element_type=\"section\" data-e-type=\"section\">\n\t\t\t\t\t\t<div class=\"elementor-container elementor-column-gap-default\">\n\t\t\t\t\t<div class=\"elementor-column elementor-col-100 elementor-top-column elementor-element elementor-element-17f81f6\" data-id=\"17f81f6\" data-element_type=\"column\" data-e-type=\"column\">\n\t\t\t<div class=\"elementor-widget-wrap elementor-element-populated\">\n\t\t\t\t\t\t<div class=\"elementor-element elementor-element-667d4ba elementor-widget elementor-widget-text-editor\" data-id=\"667d4ba\" data-element_type=\"widget\" data-e-type=\"widget\" data-widget_type=\"text-editor.default\">\n\t\t\t\t<div class=\"elementor-widget-container\">\n\t\t\t\t\t\t\t\t\t<h3><strong>3.<\/strong> <strong>Lateral flow buffer zones<\/strong>. Improvement of flood resilience in the Ebro River, as it passes through Osera de Ebro and Fuentes de Ebro. Phase 2.  <strong><span style=\"color: #339966;\">In execution.<\/span><\/strong><\/h3><h3>Public information sessions and field visits have been held with interested parties to explain the intervention in detail.<\/h3><h3><strong>  Links to information of interest:<\/strong><\/h3>\t\t\t\t\t\t\t\t<\/div>\n\t\t\t\t<\/div>\n\t\t\t\t\t<\/div>\n\t\t<\/div>\n\t\t\t\t\t<\/div>\n\t\t<\/section>\n\t\t\t\t<section class=\"elementor-section elementor-top-section elementor-element elementor-element-b12f635 elementor-section-boxed elementor-section-height-default elementor-section-height-default\" data-id=\"b12f635\" data-element_type=\"section\" data-e-type=\"section\">\n\t\t\t\t\t\t<div class=\"elementor-container elementor-column-gap-default\">\n\t\t\t\t\t<div class=\"elementor-column elementor-col-100 elementor-top-column elementor-element elementor-element-5f4941e\" data-id=\"5f4941e\" data-element_type=\"column\" data-e-type=\"column\">\n\t\t\t<div class=\"elementor-widget-wrap elementor-element-populated\">\n\t\t\t\t\t\t<div class=\"elementor-element elementor-element-fab4a02 elementor-widget elementor-widget-button\" data-id=\"fab4a02\" data-element_type=\"widget\" data-e-type=\"widget\" data-widget_type=\"button.default\">\n\t\t\t\t<div class=\"elementor-widget-container\">\n\t\t\t\t\t\t\t\t\t<div class=\"elementor-button-wrapper\">\n\t\t\t\t\t<a class=\"elementor-button elementor-button-link elementor-size-sm\" href=\"https:\/\/www.youtube.com\/watch?v=EKWnxjCugj8\" target=\"_blank\">\n\t\t\t\t\t\t<span class=\"elementor-button-content-wrapper\">\n\t\t\t\t\t\t\t\t\t<span class=\"elementor-button-text\">VIDEO What are lateral flow buffer zones?<\/span>\n\t\t\t\t\t<\/span>\n\t\t\t\t\t<\/a>\n\t\t\t\t<\/div>\n\t\t\t\t\t\t\t\t<\/div>\n\t\t\t\t<\/div>\n\t\t\t\t\t<\/div>\n\t\t<\/div>\n\t\t\t\t\t<\/div>\n\t\t<\/section>\n\t\t\t\t<section class=\"elementor-section elementor-top-section elementor-element elementor-element-9f8b4b3 elementor-section-boxed elementor-section-height-default elementor-section-height-default\" data-id=\"9f8b4b3\" data-element_type=\"section\" data-e-type=\"section\">\n\t\t\t\t\t\t<div class=\"elementor-container elementor-column-gap-default\">\n\t\t\t\t\t<div class=\"elementor-column elementor-col-100 elementor-top-column elementor-element elementor-element-06fd4ac\" data-id=\"06fd4ac\" data-element_type=\"column\" data-e-type=\"column\">\n\t\t\t<div class=\"elementor-widget-wrap elementor-element-populated\">\n\t\t\t\t\t\t<div class=\"elementor-element elementor-element-cff8aea elementor-widget elementor-widget-button\" data-id=\"cff8aea\" data-element_type=\"widget\" data-e-type=\"widget\" data-widget_type=\"button.default\">\n\t\t\t\t<div class=\"elementor-widget-container\">\n\t\t\t\t\t\t\t\t\t<div class=\"elementor-button-wrapper\">\n\t\t\t\t\t<a class=\"elementor-button elementor-button-link elementor-size-sm\" href=\"https:\/\/www.ebroresilience.com\/en\/field-visits-to-explain-the-adaptation-to-flooding-in-the-osera-de-ebro-fuentes-de-ebro-section-zaragoza\/\" target=\"_blank\">\n\t\t\t\t\t\t<span class=\"elementor-button-content-wrapper\">\n\t\t\t\t\t\t\t\t\t<span class=\"elementor-button-text\">Field visits with landowners and tenants to explain the intervention<\/span>\n\t\t\t\t\t<\/span>\n\t\t\t\t\t<\/a>\n\t\t\t\t<\/div>\n\t\t\t\t\t\t\t\t<\/div>\n\t\t\t\t<\/div>\n\t\t\t\t\t<\/div>\n\t\t<\/div>\n\t\t\t\t\t<\/div>\n\t\t<\/section>\n\t\t\t\t<section class=\"elementor-section elementor-top-section elementor-element elementor-element-b1c82ce elementor-section-boxed elementor-section-height-default elementor-section-height-default\" data-id=\"b1c82ce\" data-element_type=\"section\" data-e-type=\"section\">\n\t\t\t\t\t\t<div class=\"elementor-container elementor-column-gap-default\">\n\t\t\t\t\t<div class=\"elementor-column elementor-col-100 elementor-top-column elementor-element elementor-element-5a2c6c5\" data-id=\"5a2c6c5\" data-element_type=\"column\" data-e-type=\"column\">\n\t\t\t<div class=\"elementor-widget-wrap elementor-element-populated\">\n\t\t\t\t\t\t<div class=\"elementor-element elementor-element-5b99dd6 elementor-widget elementor-widget-button\" data-id=\"5b99dd6\" data-element_type=\"widget\" data-e-type=\"widget\" data-widget_type=\"button.default\">\n\t\t\t\t<div class=\"elementor-widget-container\">\n\t\t\t\t\t\t\t\t\t<div class=\"elementor-button-wrapper\">\n\t\t\t\t\t<a class=\"elementor-button elementor-button-link elementor-size-sm\" href=\"https:\/\/www.ebroresilience.com\/en\/information-session-on-adaptation-to-flooding-in-the-osera-de-ebro-fuentes-de-ebro-section\/\" target=\"_blank\">\n\t\t\t\t\t\t<span class=\"elementor-button-content-wrapper\">\n\t\t\t\t\t\t\t\t\t<span class=\"elementor-button-text\">Public information session on the flood adaptation project for the Osera de Ebro - Fuentes de Ebro (Zaragoza) section.<\/span>\n\t\t\t\t\t<\/span>\n\t\t\t\t\t<\/a>\n\t\t\t\t<\/div>\n\t\t\t\t\t\t\t\t<\/div>\n\t\t\t\t<\/div>\n\t\t\t\t\t<\/div>\n\t\t<\/div>\n\t\t\t\t\t<\/div>\n\t\t<\/section>\n\t\t\t\t<section class=\"elementor-section elementor-top-section elementor-element elementor-element-c6f8d7f elementor-section-boxed elementor-section-height-default elementor-section-height-default\" data-id=\"c6f8d7f\" data-element_type=\"section\" data-e-type=\"section\">\n\t\t\t\t\t\t<div class=\"elementor-container elementor-column-gap-default\">\n\t\t\t\t\t<div class=\"elementor-column elementor-col-100 elementor-top-column elementor-element elementor-element-f30afc5\" data-id=\"f30afc5\" data-element_type=\"column\" data-e-type=\"column\">\n\t\t\t<div class=\"elementor-widget-wrap elementor-element-populated\">\n\t\t\t\t\t\t<div class=\"elementor-element elementor-element-33fa8c1 elementor-widget elementor-widget-image\" data-id=\"33fa8c1\" data-element_type=\"widget\" data-e-type=\"widget\" data-widget_type=\"image.default\">\n\t\t\t\t<div class=\"elementor-widget-container\">\n\t\t\t\t\t\t\t\t\t\t\t\t\t\t\t<img loading=\"lazy\" decoding=\"async\" width=\"768\" height=\"434\" src=\"https:\/\/www.ebroresilience.com\/wp-content\/uploads\/2024\/06\/MAPA-DE-VISITAS-768x434.png\" class=\"attachment-medium_large size-medium_large wp-image-11585\" alt=\"Plan of Lateral Flow Buffer Zones with stakeholders on the visit.\" srcset=\"https:\/\/www.ebroresilience.com\/wp-content\/uploads\/2024\/06\/MAPA-DE-VISITAS-768x434.png 768w, https:\/\/www.ebroresilience.com\/wp-content\/uploads\/2024\/06\/MAPA-DE-VISITAS-300x170.png 300w, https:\/\/www.ebroresilience.com\/wp-content\/uploads\/2024\/06\/MAPA-DE-VISITAS-1024x579.png 1024w, https:\/\/www.ebroresilience.com\/wp-content\/uploads\/2024\/06\/MAPA-DE-VISITAS-258x146.png 258w, https:\/\/www.ebroresilience.com\/wp-content\/uploads\/2024\/06\/MAPA-DE-VISITAS-50x28.png 50w, https:\/\/www.ebroresilience.com\/wp-content\/uploads\/2024\/06\/MAPA-DE-VISITAS-133x75.png 133w, https:\/\/www.ebroresilience.com\/wp-content\/uploads\/2024\/06\/MAPA-DE-VISITAS.png 1284w\" sizes=\"(max-width:767px) 480px, (max-width:768px) 100vw, 768px\" \/>\t\t\t\t\t\t\t\t\t\t\t\t\t\t\t<\/div>\n\t\t\t\t<\/div>\n\t\t\t\t\t<\/div>\n\t\t<\/div>\n\t\t\t\t\t<\/div>\n\t\t<\/section>\n\t\t\t\t<section class=\"elementor-section elementor-top-section elementor-element elementor-element-0c0c6ba elementor-section-boxed elementor-section-height-default elementor-section-height-default\" data-id=\"0c0c6ba\" data-element_type=\"section\" data-e-type=\"section\">\n\t\t\t\t\t\t<div class=\"elementor-container elementor-column-gap-default\">\n\t\t\t\t\t<div class=\"elementor-column elementor-col-100 elementor-top-column elementor-element elementor-element-c37637c\" data-id=\"c37637c\" data-element_type=\"column\" data-e-type=\"column\">\n\t\t\t<div class=\"elementor-widget-wrap elementor-element-populated\">\n\t\t\t\t\t\t<div class=\"elementor-element elementor-element-c308d0a elementor-widget elementor-widget-spacer\" data-id=\"c308d0a\" data-element_type=\"widget\" data-e-type=\"widget\" data-widget_type=\"spacer.default\">\n\t\t\t\t<div class=\"elementor-widget-container\">\n\t\t\t\t\t\t\t<div class=\"elementor-spacer\">\n\t\t\t<div class=\"elementor-spacer-inner\"><\/div>\n\t\t<\/div>\n\t\t\t\t\t\t<\/div>\n\t\t\t\t<\/div>\n\t\t\t\t\t<\/div>\n\t\t<\/div>\n\t\t\t\t\t<\/div>\n\t\t<\/section>\n\t\t\t\t<section class=\"elementor-section elementor-top-section elementor-element elementor-element-b7f695a elementor-section-boxed elementor-section-height-default elementor-section-height-default\" data-id=\"b7f695a\" data-element_type=\"section\" data-e-type=\"section\">\n\t\t\t\t\t\t<div class=\"elementor-container elementor-column-gap-default\">\n\t\t\t\t\t<div class=\"elementor-column elementor-col-33 elementor-top-column elementor-element elementor-element-83f59ea\" data-id=\"83f59ea\" data-element_type=\"column\" data-e-type=\"column\">\n\t\t\t<div class=\"elementor-widget-wrap elementor-element-populated\">\n\t\t\t\t\t\t<div class=\"elementor-element elementor-element-b6bc0d0 elementor-widget elementor-widget-image\" data-id=\"b6bc0d0\" data-element_type=\"widget\" data-e-type=\"widget\" data-widget_type=\"image.default\">\n\t\t\t\t<div class=\"elementor-widget-container\">\n\t\t\t\t\t\t\t\t\t\t\t\t\t\t\t<img loading=\"lazy\" decoding=\"async\" width=\"150\" height=\"150\" src=\"https:\/\/www.ebroresilience.com\/wp-content\/uploads\/2024\/07\/3-2-150x150.png\" class=\"attachment-thumbnail size-thumbnail wp-image-11896\" alt=\"\" srcset=\"https:\/\/www.ebroresilience.com\/wp-content\/uploads\/2024\/07\/3-2-150x150.png 150w, https:\/\/www.ebroresilience.com\/wp-content\/uploads\/2024\/07\/3-2-300x300.png 300w, https:\/\/www.ebroresilience.com\/wp-content\/uploads\/2024\/07\/3-2-146x146.png 146w, https:\/\/www.ebroresilience.com\/wp-content\/uploads\/2024\/07\/3-2-50x50.png 50w, https:\/\/www.ebroresilience.com\/wp-content\/uploads\/2024\/07\/3-2-75x75.png 75w, https:\/\/www.ebroresilience.com\/wp-content\/uploads\/2024\/07\/3-2-85x85.png 85w, https:\/\/www.ebroresilience.com\/wp-content\/uploads\/2024\/07\/3-2-80x80.png 80w, https:\/\/www.ebroresilience.com\/wp-content\/uploads\/2024\/07\/3-2.png 500w\" sizes=\"(max-width:767px) 150px, 150px\" \/>\t\t\t\t\t\t\t\t\t\t\t\t\t\t\t<\/div>\n\t\t\t\t<\/div>\n\t\t\t\t\t<\/div>\n\t\t<\/div>\n\t\t\t\t<div class=\"elementor-column elementor-col-66 elementor-top-column elementor-element elementor-element-70949c8\" data-id=\"70949c8\" data-element_type=\"column\" data-e-type=\"column\">\n\t\t\t<div class=\"elementor-widget-wrap elementor-element-populated\">\n\t\t\t\t\t\t<div class=\"elementor-element elementor-element-5d79893 elementor-widget elementor-widget-text-editor\" data-id=\"5d79893\" data-element_type=\"widget\" data-e-type=\"widget\" data-widget_type=\"text-editor.default\">\n\t\t\t\t<div class=\"elementor-widget-container\">\n\t\t\t\t\t\t\t\t\t<h1><strong>Participation and Social Capacity Building Actions  <\/strong><\/h1>\t\t\t\t\t\t\t\t<\/div>\n\t\t\t\t<\/div>\n\t\t\t\t\t<\/div>\n\t\t<\/div>\n\t\t\t\t\t<\/div>\n\t\t<\/section>\n\t\t\t\t<section class=\"elementor-section elementor-top-section elementor-element elementor-element-687e192 elementor-section-boxed elementor-section-height-default elementor-section-height-default\" data-id=\"687e192\" data-element_type=\"section\" data-e-type=\"section\">\n\t\t\t\t\t\t<div class=\"elementor-container elementor-column-gap-default\">\n\t\t\t\t\t<div class=\"elementor-column elementor-col-100 elementor-top-column elementor-element elementor-element-0f24366\" data-id=\"0f24366\" data-element_type=\"column\" data-e-type=\"column\">\n\t\t\t<div class=\"elementor-widget-wrap elementor-element-populated\">\n\t\t\t\t\t\t<div class=\"elementor-element elementor-element-f882713 elementor-widget elementor-widget-text-editor\" data-id=\"f882713\" data-element_type=\"widget\" data-e-type=\"widget\" data-widget_type=\"text-editor.default\">\n\t\t\t\t<div class=\"elementor-widget-container\">\n\t\t\t\t\t\t\t\t\t<h3><b>Social Participation: <\/b>public participation, as an inseparable part of flood risk management, is one of the main lines of the LIFE Ebro Resilience P1 project. <span style=\"color: #008000;\"><strong>Under implementation.<\/strong><\/span><\/h3>\t\t\t\t\t\t\t\t<\/div>\n\t\t\t\t<\/div>\n\t\t\t\t\t<\/div>\n\t\t<\/div>\n\t\t\t\t\t<\/div>\n\t\t<\/section>\n\t\t\t\t<section class=\"elementor-section elementor-top-section elementor-element elementor-element-409c435 elementor-section-boxed elementor-section-height-default elementor-section-height-default\" data-id=\"409c435\" data-element_type=\"section\" data-e-type=\"section\">\n\t\t\t\t\t\t<div class=\"elementor-container elementor-column-gap-default\">\n\t\t\t\t\t<div class=\"elementor-column elementor-col-100 elementor-top-column elementor-element elementor-element-c428706\" data-id=\"c428706\" data-element_type=\"column\" data-e-type=\"column\">\n\t\t\t<div class=\"elementor-widget-wrap elementor-element-populated\">\n\t\t\t\t\t\t<div class=\"elementor-element elementor-element-d0e364a elementor-widget elementor-widget-button\" data-id=\"d0e364a\" data-element_type=\"widget\" data-e-type=\"widget\" data-widget_type=\"button.default\">\n\t\t\t\t<div class=\"elementor-widget-container\">\n\t\t\t\t\t\t\t\t\t<div class=\"elementor-button-wrapper\">\n\t\t\t\t\t<a class=\"elementor-button elementor-button-link elementor-size-sm\" href=\"https:\/\/www.ebroresilience.com\/en\/participate\/participation-and-life-capabilities\/\" target=\"_blank\">\n\t\t\t\t\t\t<span class=\"elementor-button-content-wrapper\">\n\t\t\t\t\t\t\t\t\t<span class=\"elementor-button-text\">All about participation actions<\/span>\n\t\t\t\t\t<\/span>\n\t\t\t\t\t<\/a>\n\t\t\t\t<\/div>\n\t\t\t\t\t\t\t\t<\/div>\n\t\t\t\t<\/div>\n\t\t\t\t\t<\/div>\n\t\t<\/div>\n\t\t\t\t\t<\/div>\n\t\t<\/section>\n\t\t\t\t<section class=\"elementor-section elementor-top-section elementor-element elementor-element-3441191 elementor-section-boxed elementor-section-height-default elementor-section-height-default\" data-id=\"3441191\" data-element_type=\"section\" data-e-type=\"section\">\n\t\t\t\t\t\t<div class=\"elementor-container elementor-column-gap-default\">\n\t\t\t\t\t<div class=\"elementor-column elementor-col-100 elementor-top-column elementor-element elementor-element-595e29a\" data-id=\"595e29a\" data-element_type=\"column\" data-e-type=\"column\">\n\t\t\t<div class=\"elementor-widget-wrap elementor-element-populated\">\n\t\t\t\t\t\t<div class=\"elementor-element elementor-element-72f2946 elementor-widget elementor-widget-text-editor\" data-id=\"72f2946\" data-element_type=\"widget\" data-e-type=\"widget\" data-widget_type=\"text-editor.default\">\n\t\t\t\t<div class=\"elementor-widget-container\">\n\t\t\t\t\t\t\t\t\t<h3><span style=\"color: #000000;\">The project maintains <\/span><strong>\n  <span style=\"color: #339966;\"><span style=\"color: #008000;\">active<\/span> <\/span>\n<\/strong><span style=\"color: #000000;\">since the end of 2022 <strong>stable participation groups<\/strong>:<\/span><\/h3>\t\t\t\t\t\t\t\t<\/div>\n\t\t\t\t<\/div>\n\t\t\t\t\t<\/div>\n\t\t<\/div>\n\t\t\t\t\t<\/div>\n\t\t<\/section>\n\t\t\t\t<section class=\"elementor-section elementor-top-section elementor-element elementor-element-98fa7be elementor-section-boxed elementor-section-height-default elementor-section-height-default\" data-id=\"98fa7be\" data-element_type=\"section\" data-e-type=\"section\">\n\t\t\t\t\t\t<div class=\"elementor-container elementor-column-gap-default\">\n\t\t\t\t\t<div class=\"elementor-column elementor-col-100 elementor-top-column elementor-element elementor-element-2ec2f19\" data-id=\"2ec2f19\" data-element_type=\"column\" data-e-type=\"column\">\n\t\t\t<div class=\"elementor-widget-wrap elementor-element-populated\">\n\t\t\t\t\t\t<div class=\"elementor-element elementor-element-03413f4 elementor--v-position-top elementor--h-position-center elementor-arrows-position-inside elementor-pagination-position-inside elementor-widget elementor-widget-slides\" data-id=\"03413f4\" data-element_type=\"widget\" data-e-type=\"widget\" data-settings=\"{&quot;navigation&quot;:&quot;both&quot;,&quot;autoplay&quot;:&quot;yes&quot;,&quot;pause_on_hover&quot;:&quot;yes&quot;,&quot;pause_on_interaction&quot;:&quot;yes&quot;,&quot;autoplay_speed&quot;:5000,&quot;infinite&quot;:&quot;yes&quot;,&quot;transition&quot;:&quot;slide&quot;,&quot;transition_speed&quot;:500}\" data-widget_type=\"slides.default\">\n\t\t\t\t<div class=\"elementor-widget-container\">\n\t\t\t\t\t\t\t\t\t<div class=\"elementor-swiper\">\n\t\t\t\t\t<div class=\"elementor-slides-wrapper elementor-main-swiper swiper\" role=\"region\" aria-roledescription=\"carousel\" aria-label=\"Diapositivas\" dir=\"ltr\" data-animation=\"fadeInUp\">\n\t\t\t\t<div class=\"swiper-wrapper elementor-slides\">\n\t\t\t\t\t\t\t\t\t\t<div class=\"elementor-repeater-item-39420b1 swiper-slide\" role=\"group\" aria-roledescription=\"slide\"><div class=\"swiper-slide-bg\"><\/div><div class=\"swiper-slide-inner\" ><div class=\"swiper-slide-contents\"><div class=\"elementor-slide-heading\">Co-creation groups<\/div><div class=\"elementor-slide-description\"><p>Small groups for deliberation and joint creation of actions of the project partners with the stakeholders of the territory.<\/p>\n<\/div><a href=\"https:\/\/www.ebroresilience.com\/life-constituidos-los-primeros-grupos-de-co-creacion-con-la-poblacion-riberena\/\" target=\"_blank\" class=\"elementor-button elementor-slide-button elementor-size-sm\">We talked about co-creation groups<\/a><\/div><\/div><\/div><div class=\"elementor-repeater-item-029bb6c swiper-slide\" role=\"group\" aria-roledescription=\"slide\"><div class=\"swiper-slide-bg\" role=\"img\" aria-label=\"Untitled design (5)\"><\/div><div class=\"swiper-slide-inner\" ><div class=\"swiper-slide-contents\"><div class=\"elementor-slide-heading\">Conflict Transformation Group  <\/div><div class=\"elementor-slide-description\"><p>Specific forum for conflict transformation in flood risk management. This group brings together those affected and representatives of the sectors at stake in the intervention areas and the entire middle stretch of the Ebro.<\/p>\n<\/div><a href=\"https:\/\/www.ebroresilience.com\/en\/participate\/participation-and-life-capabilities\/public-participation\/conflict-transformation-actions\/\" target=\"_blank\" class=\"elementor-button elementor-slide-button elementor-size-sm\">Meet this group<\/a><\/div><\/div><\/div>\t\t\t\t<\/div>\n\t\t\t\t\t\t\t\t\t\t\t\t\t\t\t<div class=\"elementor-swiper-button elementor-swiper-button-prev\" role=\"button\" tabindex=\"0\" aria-label=\"Previous slide\">\n\t\t\t\t\t\t\t<i aria-hidden=\"true\" class=\"eicon-chevron-left\"><\/i>\t\t\t\t\t\t<\/div>\n\t\t\t\t\t\t<div class=\"elementor-swiper-button elementor-swiper-button-next\" role=\"button\" tabindex=\"0\" aria-label=\"Next slide\">\n\t\t\t\t\t\t\t<i aria-hidden=\"true\" class=\"eicon-chevron-right\"><\/i>\t\t\t\t\t\t<\/div>\n\t\t\t\t\t\t\t\t\t\t\t\t\t\t\t\t<div class=\"swiper-pagination\"><\/div>\n\t\t\t\t\t\t\t\t\t\t\t\t<\/div>\n\t\t\t\t<\/div>\n\t\t\t\t\t\t\t\t<\/div>\n\t\t\t\t<\/div>\n\t\t\t\t\t<\/div>\n\t\t<\/div>\n\t\t\t\t\t<\/div>\n\t\t<\/section>\n\t\t\t\t<section class=\"elementor-section elementor-top-section elementor-element elementor-element-3038c17 elementor-section-boxed elementor-section-height-default elementor-section-height-default\" data-id=\"3038c17\" data-element_type=\"section\" data-e-type=\"section\">\n\t\t\t\t\t\t<div class=\"elementor-container elementor-column-gap-default\">\n\t\t\t\t\t<div class=\"elementor-column elementor-col-100 elementor-top-column elementor-element elementor-element-763aca8\" data-id=\"763aca8\" data-element_type=\"column\" data-e-type=\"column\">\n\t\t\t<div class=\"elementor-widget-wrap elementor-element-populated\">\n\t\t\t\t\t\t<div class=\"elementor-element elementor-element-eb01adc elementor-widget elementor-widget-text-editor\" data-id=\"eb01adc\" data-element_type=\"widget\" data-e-type=\"widget\" data-widget_type=\"text-editor.default\">\n\t\t\t\t<div class=\"elementor-widget-container\">\n\t\t\t\t\t\t\t\t\t<h3>It is also <strong>\n  <span style=\"color: #ff6600;\">in the preparatory phase<\/span>\n<\/strong> a citizen science experience, the project&#8217;s monitoring platform that you can learn more about here. <strong>\n  <a href=\"https:\/\/www.ebroresilience.com\/en\/citizen-science-population-and-partners-present-proposals-for-a-virtual-platform-to-monitor-actions\/\" target=\"_blank\" rel=\"noopener\">here<\/a>\n<\/strong>.  <\/h3>\t\t\t\t\t\t\t\t<\/div>\n\t\t\t\t<\/div>\n\t\t\t\t\t<\/div>\n\t\t<\/div>\n\t\t\t\t\t<\/div>\n\t\t<\/section>\n\t\t\t\t<section class=\"elementor-section elementor-top-section elementor-element elementor-element-ca37d7f elementor-section-boxed elementor-section-height-default elementor-section-height-default\" data-id=\"ca37d7f\" data-element_type=\"section\" data-e-type=\"section\">\n\t\t\t\t\t\t<div class=\"elementor-container elementor-column-gap-default\">\n\t\t\t\t\t<div class=\"elementor-column elementor-col-100 elementor-top-column elementor-element elementor-element-2a36827\" data-id=\"2a36827\" data-element_type=\"column\" data-e-type=\"column\">\n\t\t\t<div class=\"elementor-widget-wrap elementor-element-populated\">\n\t\t\t\t\t\t<div class=\"elementor-element elementor-element-9fdde8f elementor-widget elementor-widget-text-editor\" data-id=\"9fdde8f\" data-element_type=\"widget\" data-e-type=\"widget\" data-widget_type=\"text-editor.default\">\n\t\t\t\t<div class=\"elementor-widget-container\">\n\t\t\t\t\t\t\t\t\t<h3><strong><span style=\"color: #339966;\">In execution and active<\/span> <\/strong>various informative actions are also underway and active:<\/h3><ul><li><h3><a href=\"https:\/\/www.ebroresilience.com\/en\/ideas-and-proposals-from-the-territory-life-ebro-resilience-p1-opens-new-avenues-of-participation-on-the-use-of-land-in-el-senorio\/\" target=\"_blank\" rel=\"noopener\">Conference <\/a><\/h3><\/li><li><h3><a href=\"https:\/\/www.ebroresilience.com\/en\/public-conferences-and-informative-sessions-ebro-resilience-actions-open-to-the-whole-of-society\/\" target=\"_blank\" rel=\"noopener\">Public meetings  <\/a><\/h3><\/li><li><h3><a href=\"https:\/\/www.ebroresilience.com\/en\/enjoying-the-river-and-learning-about-floods-large-turnout-at-the-aguilar-meander-route\/\" target=\"_blank\" rel=\"noopener\">Field visits<\/a><\/h3><\/li><\/ul><h3> <\/h3>\t\t\t\t\t\t\t\t<\/div>\n\t\t\t\t<\/div>\n\t\t\t\t\t<\/div>\n\t\t<\/div>\n\t\t\t\t\t<\/div>\n\t\t<\/section>\n\t\t\t\t<section class=\"elementor-section elementor-top-section elementor-element elementor-element-305a3e3 elementor-section-boxed elementor-section-height-default elementor-section-height-default\" data-id=\"305a3e3\" data-element_type=\"section\" data-e-type=\"section\">\n\t\t\t\t\t\t<div class=\"elementor-container elementor-column-gap-default\">\n\t\t\t\t\t<div class=\"elementor-column elementor-col-25 elementor-top-column elementor-element elementor-element-4ff3852\" data-id=\"4ff3852\" data-element_type=\"column\" data-e-type=\"column\">\n\t\t\t<div class=\"elementor-widget-wrap elementor-element-populated\">\n\t\t\t\t\t\t<div class=\"elementor-element elementor-element-1941bcf elementor-widget elementor-widget-image\" data-id=\"1941bcf\" data-element_type=\"widget\" data-e-type=\"widget\" data-widget_type=\"image.default\">\n\t\t\t\t<div class=\"elementor-widget-container\">\n\t\t\t\t\t\t\t\t\t\t\t\t\t\t\t<img loading=\"lazy\" decoding=\"async\" width=\"1024\" height=\"853\" src=\"https:\/\/www.ebroresilience.com\/wp-content\/uploads\/2025\/02\/23-1024x853.png\" class=\"attachment-large size-large wp-image-13270\" alt=\"\" srcset=\"https:\/\/www.ebroresilience.com\/wp-content\/uploads\/2025\/02\/23-1024x853.png 1024w, https:\/\/www.ebroresilience.com\/wp-content\/uploads\/2025\/02\/23-300x250.png 300w, https:\/\/www.ebroresilience.com\/wp-content\/uploads\/2025\/02\/23-768x640.png 768w, https:\/\/www.ebroresilience.com\/wp-content\/uploads\/2025\/02\/23-90x75.png 90w, https:\/\/www.ebroresilience.com\/wp-content\/uploads\/2025\/02\/23-480x400.png 480w, https:\/\/www.ebroresilience.com\/wp-content\/uploads\/2025\/02\/23.png 1417w\" sizes=\"(max-width:767px) 480px, (max-width:1024px) 100vw, 1024px\" \/>\t\t\t\t\t\t\t\t\t\t\t\t\t\t\t<\/div>\n\t\t\t\t<\/div>\n\t\t\t\t\t<\/div>\n\t\t<\/div>\n\t\t\t\t<div class=\"elementor-column elementor-col-25 elementor-top-column elementor-element elementor-element-cf9eca5\" data-id=\"cf9eca5\" data-element_type=\"column\" data-e-type=\"column\">\n\t\t\t<div class=\"elementor-widget-wrap elementor-element-populated\">\n\t\t\t\t\t\t<div class=\"elementor-element elementor-element-c62d82f elementor-widget elementor-widget-image\" data-id=\"c62d82f\" data-element_type=\"widget\" data-e-type=\"widget\" data-widget_type=\"image.default\">\n\t\t\t\t<div class=\"elementor-widget-container\">\n\t\t\t\t\t\t\t\t\t\t\t\t\t\t\t<img loading=\"lazy\" decoding=\"async\" width=\"1024\" height=\"853\" src=\"https:\/\/www.ebroresilience.com\/wp-content\/uploads\/2025\/02\/21-1-1024x853.png\" class=\"attachment-large size-large wp-image-13301\" alt=\"\" srcset=\"https:\/\/www.ebroresilience.com\/wp-content\/uploads\/2025\/02\/21-1-1024x853.png 1024w, https:\/\/www.ebroresilience.com\/wp-content\/uploads\/2025\/02\/21-1-300x250.png 300w, https:\/\/www.ebroresilience.com\/wp-content\/uploads\/2025\/02\/21-1-768x640.png 768w, https:\/\/www.ebroresilience.com\/wp-content\/uploads\/2025\/02\/21-1-90x75.png 90w, https:\/\/www.ebroresilience.com\/wp-content\/uploads\/2025\/02\/21-1-480x400.png 480w, https:\/\/www.ebroresilience.com\/wp-content\/uploads\/2025\/02\/21-1.png 1417w\" sizes=\"(max-width:767px) 480px, (max-width:1024px) 100vw, 1024px\" \/>\t\t\t\t\t\t\t\t\t\t\t\t\t\t\t<\/div>\n\t\t\t\t<\/div>\n\t\t\t\t\t<\/div>\n\t\t<\/div>\n\t\t\t\t<div class=\"elementor-column elementor-col-25 elementor-top-column elementor-element elementor-element-66c222b\" data-id=\"66c222b\" data-element_type=\"column\" data-e-type=\"column\">\n\t\t\t<div class=\"elementor-widget-wrap elementor-element-populated\">\n\t\t\t\t\t\t<div class=\"elementor-element elementor-element-542000e elementor-widget elementor-widget-image\" data-id=\"542000e\" data-element_type=\"widget\" data-e-type=\"widget\" data-widget_type=\"image.default\">\n\t\t\t\t<div class=\"elementor-widget-container\">\n\t\t\t\t\t\t\t\t\t\t\t\t\t\t\t<img loading=\"lazy\" decoding=\"async\" width=\"1024\" height=\"768\" src=\"https:\/\/www.ebroresilience.com\/wp-content\/uploads\/2024\/10\/Visitando-clapetas--1024x768.jpg\" class=\"attachment-large size-large wp-image-12402\" alt=\"Visit of farmers from the Navarre riverside to the flood adaptation project in the Mejana de la Cruz, in Alag\u00f3n (Zaragoza).\" srcset=\"https:\/\/www.ebroresilience.com\/wp-content\/uploads\/2024\/10\/Visitando-clapetas--1024x768.jpg 1024w, https:\/\/www.ebroresilience.com\/wp-content\/uploads\/2024\/10\/Visitando-clapetas--300x225.jpg 300w, https:\/\/www.ebroresilience.com\/wp-content\/uploads\/2024\/10\/Visitando-clapetas--768x576.jpg 768w, https:\/\/www.ebroresilience.com\/wp-content\/uploads\/2024\/10\/Visitando-clapetas--1536x1152.jpg 1536w, https:\/\/www.ebroresilience.com\/wp-content\/uploads\/2024\/10\/Visitando-clapetas--195x146.jpg 195w, https:\/\/www.ebroresilience.com\/wp-content\/uploads\/2024\/10\/Visitando-clapetas--50x38.jpg 50w, https:\/\/www.ebroresilience.com\/wp-content\/uploads\/2024\/10\/Visitando-clapetas--100x75.jpg 100w, https:\/\/www.ebroresilience.com\/wp-content\/uploads\/2024\/10\/Visitando-clapetas--960x720.jpg 960w, https:\/\/www.ebroresilience.com\/wp-content\/uploads\/2024\/10\/Visitando-clapetas-.jpg 1600w\" sizes=\"(max-width:767px) 480px, (max-width:1024px) 100vw, 1024px\" \/>\t\t\t\t\t\t\t\t\t\t\t\t\t\t\t<\/div>\n\t\t\t\t<\/div>\n\t\t\t\t\t<\/div>\n\t\t<\/div>\n\t\t\t\t<div class=\"elementor-column elementor-col-25 elementor-top-column elementor-element elementor-element-d2d5f53\" data-id=\"d2d5f53\" data-element_type=\"column\" data-e-type=\"column\">\n\t\t\t<div class=\"elementor-widget-wrap elementor-element-populated\">\n\t\t\t\t\t\t<div class=\"elementor-element elementor-element-bb395c2 elementor-widget elementor-widget-image\" data-id=\"bb395c2\" data-element_type=\"widget\" data-e-type=\"widget\" data-widget_type=\"image.default\">\n\t\t\t\t<div class=\"elementor-widget-container\">\n\t\t\t\t\t\t\t\t\t\t\t\t\t\t\t<img loading=\"lazy\" decoding=\"async\" width=\"670\" height=\"502\" src=\"https:\/\/www.ebroresilience.com\/wp-content\/uploads\/2024\/02\/acciones_participacion_03.jpg\" class=\"attachment-large size-large wp-image-10026\" alt=\"\" srcset=\"https:\/\/www.ebroresilience.com\/wp-content\/uploads\/2024\/02\/acciones_participacion_03.jpg 670w, https:\/\/www.ebroresilience.com\/wp-content\/uploads\/2024\/02\/acciones_participacion_03-300x225.jpg 300w, https:\/\/www.ebroresilience.com\/wp-content\/uploads\/2024\/02\/acciones_participacion_03-195x146.jpg 195w, https:\/\/www.ebroresilience.com\/wp-content\/uploads\/2024\/02\/acciones_participacion_03-50x37.jpg 50w, https:\/\/www.ebroresilience.com\/wp-content\/uploads\/2024\/02\/acciones_participacion_03-100x75.jpg 100w\" sizes=\"(max-width:767px) 480px, 670px\" \/>\t\t\t\t\t\t\t\t\t\t\t\t\t\t\t<\/div>\n\t\t\t\t<\/div>\n\t\t\t\t\t<\/div>\n\t\t<\/div>\n\t\t\t\t\t<\/div>\n\t\t<\/section>\n\t\t\t\t<section class=\"elementor-section elementor-top-section elementor-element elementor-element-de296ec elementor-section-boxed elementor-section-height-default elementor-section-height-default\" data-id=\"de296ec\" data-element_type=\"section\" data-e-type=\"section\">\n\t\t\t\t\t\t<div class=\"elementor-container elementor-column-gap-default\">\n\t\t\t\t\t<div class=\"elementor-column elementor-col-100 elementor-top-column elementor-element elementor-element-6d803c9\" data-id=\"6d803c9\" data-element_type=\"column\" data-e-type=\"column\">\n\t\t\t<div class=\"elementor-widget-wrap elementor-element-populated\">\n\t\t\t\t\t\t<div class=\"elementor-element elementor-element-cb4e7af elementor-widget elementor-widget-text-editor\" data-id=\"cb4e7af\" data-element_type=\"widget\" data-e-type=\"widget\" data-widget_type=\"text-editor.default\">\n\t\t\t\t<div class=\"elementor-widget-container\">\n\t\t\t\t\t\t\t\t\t<h3><b>Social Capacity Building:<\/b> the LIFE Ebro Resilience P1 project has developed a <a href=\"https:\/\/www.ebroresilience.com\/en\/participate\/participation-and-life-capabilities\/capacity-building\/\" target=\"_blank\" rel=\"noopener\">Social Capacity Building Plan<\/a>. The strengthening of social capacities is a central element to improve social resilience to floods and the self-protection of the riparian population. Vulnerability is part of risk, and capacities are part of vulnerability. If we strengthen capacities, we reduce risk.  <\/h3><h3><span style=\"color: #339966;\">\n  <strong>In execution.<\/strong>\n<\/span> The project is implementing <strong>\n  <a href=\"https:\/\/www.ebroresilience.com\/en\/participate\/participation-and-life-capabilities\/capacity-building\/capacity-building-campaigns\/\">16 campaigns for different sectors<\/a>\n<\/strong>and, in some cases, they are already available, <strong>\n  <a href=\"https:\/\/www.ebroresilience.com\/en\/participate\/participation-and-life-capabilities\/capacity-building\/informative-materials\/\">informative materials<\/a>\n<\/strong> and is preparing the future <strong>\n  <a href=\"https:\/\/www.ebroresilience.com\/en\/participate\/participation-and-life-capabilities\/capacity-building\/forum-of-municipalities\/\">forum of local entities<\/a>\n<\/strong>.  <\/h3>\t\t\t\t\t\t\t\t<\/div>\n\t\t\t\t<\/div>\n\t\t\t\t\t<\/div>\n\t\t<\/div>\n\t\t\t\t\t<\/div>\n\t\t<\/section>\n\t\t\t\t<section class=\"elementor-section elementor-top-section elementor-element elementor-element-8199b12 elementor-section-boxed elementor-section-height-default elementor-section-height-default\" data-id=\"8199b12\" data-element_type=\"section\" data-e-type=\"section\">\n\t\t\t\t\t\t<div class=\"elementor-container elementor-column-gap-default\">\n\t\t\t\t\t<div class=\"elementor-column elementor-col-100 elementor-top-column elementor-element elementor-element-a102a13\" data-id=\"a102a13\" data-element_type=\"column\" data-e-type=\"column\">\n\t\t\t<div class=\"elementor-widget-wrap elementor-element-populated\">\n\t\t\t\t\t\t<div class=\"elementor-element elementor-element-2c16bc1 elementor-widget elementor-widget-button\" data-id=\"2c16bc1\" data-element_type=\"widget\" data-e-type=\"widget\" data-widget_type=\"button.default\">\n\t\t\t\t<div class=\"elementor-widget-container\">\n\t\t\t\t\t\t\t\t\t<div class=\"elementor-button-wrapper\">\n\t\t\t\t\t<a class=\"elementor-button elementor-button-link elementor-size-sm\" href=\"https:\/\/www.ebroresilience.com\/en\/participate\/participation-and-life-capabilities\/\" target=\"_blank\">\n\t\t\t\t\t\t<span class=\"elementor-button-content-wrapper\">\n\t\t\t\t\t\t\t\t\t<span class=\"elementor-button-text\">All about capacity building actions<\/span>\n\t\t\t\t\t<\/span>\n\t\t\t\t\t<\/a>\n\t\t\t\t<\/div>\n\t\t\t\t\t\t\t\t<\/div>\n\t\t\t\t<\/div>\n\t\t\t\t\t<\/div>\n\t\t<\/div>\n\t\t\t\t\t<\/div>\n\t\t<\/section>\n\t\t\t\t<section class=\"elementor-section elementor-top-section elementor-element elementor-element-a18715a elementor-section-boxed elementor-section-height-default elementor-section-height-default\" data-id=\"a18715a\" data-element_type=\"section\" data-e-type=\"section\">\n\t\t\t\t\t\t<div class=\"elementor-container elementor-column-gap-default\">\n\t\t\t\t\t<div class=\"elementor-column elementor-col-100 elementor-top-column elementor-element elementor-element-f8ac0d4\" data-id=\"f8ac0d4\" data-element_type=\"column\" data-e-type=\"column\">\n\t\t\t<div class=\"elementor-widget-wrap elementor-element-populated\">\n\t\t\t\t\t\t<div class=\"elementor-element elementor-element-b6703f4 elementor-widget elementor-widget-text-editor\" data-id=\"b6703f4\" data-element_type=\"widget\" data-e-type=\"widget\" data-widget_type=\"text-editor.default\">\n\t\t\t\t<div class=\"elementor-widget-container\">\n\t\t\t\t\t\t\t\t\t<h3>Some examples of these actions:<\/h3><ul><li><h3><a href=\"https:\/\/www.ebroresilience.com\/en\/we-participated-in-the-conference-for-journalists-information-in-the-face-of-extreme-events\/\" target=\"_blank\" rel=\"noopener\"><strong>Working with the communication sector<\/strong><\/a> <\/h3><\/li><li><h3><a href=\"https:\/\/www.ebroresilience.com\/en\/interpretative-descents-on-the-ebro-more-knowledge-about-the-river-and-the-resilience-actions\/\" target=\"_blank\" rel=\"noopener\"><strong>Walking Rivers: we took part in a worldwide experience of walking the rivers<\/strong><\/a> <\/h3><\/li><li><h3><a href=\"https:\/\/www.ebroresilience.com\/en\/interpretative-descents-on-the-ebro-more-knowledge-about-the-river-and-the-resilience-actions\/\" target=\"_blank\" rel=\"noopener\"><strong>Interpretative descents: more knowledge about the river  <\/strong><\/a><\/h3><\/li><li><h3><strong><a href=\"https:\/\/www.ebroresilience.com\/en\/the-life-ebro-resilience-project-works-with-the-education-sector-in-the-intervention-areas\/\" target=\"_blank\" rel=\"noopener\">Working with the education sector  <\/a><\/strong><\/h3><\/li><\/ul>\t\t\t\t\t\t\t\t<\/div>\n\t\t\t\t<\/div>\n\t\t\t\t\t<\/div>\n\t\t<\/div>\n\t\t\t\t\t<\/div>\n\t\t<\/section>\n\t\t\t\t<section class=\"elementor-section elementor-top-section elementor-element elementor-element-ba77498 elementor-section-boxed elementor-section-height-default elementor-section-height-default\" data-id=\"ba77498\" data-element_type=\"section\" data-e-type=\"section\">\n\t\t\t\t\t\t<div class=\"elementor-container elementor-column-gap-default\">\n\t\t\t\t\t<div class=\"elementor-column elementor-col-25 elementor-top-column elementor-element elementor-element-b87da14\" data-id=\"b87da14\" data-element_type=\"column\" data-e-type=\"column\">\n\t\t\t<div class=\"elementor-widget-wrap elementor-element-populated\">\n\t\t\t\t\t\t<div class=\"elementor-element elementor-element-72af7df elementor-widget elementor-widget-image\" data-id=\"72af7df\" data-element_type=\"widget\" data-e-type=\"widget\" data-widget_type=\"image.default\">\n\t\t\t\t<div class=\"elementor-widget-container\">\n\t\t\t\t\t\t\t\t\t\t\t\t\t\t\t<img loading=\"lazy\" decoding=\"async\" width=\"1024\" height=\"768\" src=\"https:\/\/www.ebroresilience.com\/wp-content\/uploads\/2023\/10\/WhatsApp-Image-2023-10-25-at-14.29.10-1-1024x768.jpeg\" class=\"attachment-large size-large wp-image-8774\" alt=\"Conference for journalism students on &quot;Information on extreme hydrological phenomena&quot; held at the Press Center of the Professional Association of Journalists.\" srcset=\"https:\/\/www.ebroresilience.com\/wp-content\/uploads\/2023\/10\/WhatsApp-Image-2023-10-25-at-14.29.10-1-1024x768.jpeg 1024w, https:\/\/www.ebroresilience.com\/wp-content\/uploads\/2023\/10\/WhatsApp-Image-2023-10-25-at-14.29.10-1-300x225.jpeg 300w, https:\/\/www.ebroresilience.com\/wp-content\/uploads\/2023\/10\/WhatsApp-Image-2023-10-25-at-14.29.10-1-768x576.jpeg 768w, https:\/\/www.ebroresilience.com\/wp-content\/uploads\/2023\/10\/WhatsApp-Image-2023-10-25-at-14.29.10-1-1536x1152.jpeg 1536w, https:\/\/www.ebroresilience.com\/wp-content\/uploads\/2023\/10\/WhatsApp-Image-2023-10-25-at-14.29.10-1-195x146.jpeg 195w, https:\/\/www.ebroresilience.com\/wp-content\/uploads\/2023\/10\/WhatsApp-Image-2023-10-25-at-14.29.10-1-50x38.jpeg 50w, https:\/\/www.ebroresilience.com\/wp-content\/uploads\/2023\/10\/WhatsApp-Image-2023-10-25-at-14.29.10-1-100x75.jpeg 100w, https:\/\/www.ebroresilience.com\/wp-content\/uploads\/2023\/10\/WhatsApp-Image-2023-10-25-at-14.29.10-1-960x720.jpeg 960w, https:\/\/www.ebroresilience.com\/wp-content\/uploads\/2023\/10\/WhatsApp-Image-2023-10-25-at-14.29.10-1.jpeg 1600w\" sizes=\"(max-width:767px) 480px, (max-width:1024px) 100vw, 1024px\" \/>\t\t\t\t\t\t\t\t\t\t\t\t\t\t\t<\/div>\n\t\t\t\t<\/div>\n\t\t\t\t\t<\/div>\n\t\t<\/div>\n\t\t\t\t<div class=\"elementor-column elementor-col-25 elementor-top-column elementor-element elementor-element-3a93d0c\" data-id=\"3a93d0c\" data-element_type=\"column\" data-e-type=\"column\">\n\t\t\t<div class=\"elementor-widget-wrap elementor-element-populated\">\n\t\t\t\t\t\t<div class=\"elementor-element elementor-element-65725b9 elementor-widget elementor-widget-image\" data-id=\"65725b9\" data-element_type=\"widget\" data-e-type=\"widget\" data-widget_type=\"image.default\">\n\t\t\t\t<div class=\"elementor-widget-container\">\n\t\t\t\t\t\t\t\t\t\t\t\t\t\t\t<img loading=\"lazy\" decoding=\"async\" width=\"1024\" height=\"768\" src=\"https:\/\/www.ebroresilience.com\/wp-content\/uploads\/2024\/05\/IMG20240511114447-1024x768.jpg\" class=\"attachment-large size-large wp-image-11306\" alt=\"Group photo of the participants in the route meander of El Se\u00f1or\u00edo - meander of La Roza integrated in the Walking Rivers initiative.\" srcset=\"https:\/\/www.ebroresilience.com\/wp-content\/uploads\/2024\/05\/IMG20240511114447-1024x768.jpg 1024w, https:\/\/www.ebroresilience.com\/wp-content\/uploads\/2024\/05\/IMG20240511114447-300x225.jpg 300w, https:\/\/www.ebroresilience.com\/wp-content\/uploads\/2024\/05\/IMG20240511114447-768x576.jpg 768w, https:\/\/www.ebroresilience.com\/wp-content\/uploads\/2024\/05\/IMG20240511114447-1536x1152.jpg 1536w, https:\/\/www.ebroresilience.com\/wp-content\/uploads\/2024\/05\/IMG20240511114447-2048x1536.jpg 2048w, https:\/\/www.ebroresilience.com\/wp-content\/uploads\/2024\/05\/IMG20240511114447-195x146.jpg 195w, https:\/\/www.ebroresilience.com\/wp-content\/uploads\/2024\/05\/IMG20240511114447-50x38.jpg 50w, https:\/\/www.ebroresilience.com\/wp-content\/uploads\/2024\/05\/IMG20240511114447-100x75.jpg 100w, https:\/\/www.ebroresilience.com\/wp-content\/uploads\/2024\/05\/IMG20240511114447-960x720.jpg 960w\" sizes=\"(max-width:767px) 480px, (max-width:1024px) 100vw, 1024px\" \/>\t\t\t\t\t\t\t\t\t\t\t\t\t\t\t<\/div>\n\t\t\t\t<\/div>\n\t\t\t\t\t<\/div>\n\t\t<\/div>\n\t\t\t\t<div class=\"elementor-column elementor-col-25 elementor-top-column elementor-element elementor-element-5244e75\" data-id=\"5244e75\" data-element_type=\"column\" data-e-type=\"column\">\n\t\t\t<div class=\"elementor-widget-wrap elementor-element-populated\">\n\t\t\t\t\t\t<div class=\"elementor-element elementor-element-2fc2db6 elementor-widget elementor-widget-image\" data-id=\"2fc2db6\" data-element_type=\"widget\" data-e-type=\"widget\" data-widget_type=\"image.default\">\n\t\t\t\t<div class=\"elementor-widget-container\">\n\t\t\t\t\t\t\t\t\t\t\t\t\t\t\t<img loading=\"lazy\" decoding=\"async\" width=\"1024\" height=\"768\" src=\"https:\/\/www.ebroresilience.com\/wp-content\/uploads\/2024\/04\/descenso-7-1024x768.jpg\" class=\"attachment-large size-large wp-image-10811\" alt=\"Descent from Ortigoso to El Se\u00f1or\u00edo with students from IES Gonzalo de Berceo, in Alfaro (Castej\u00f3n).\" srcset=\"https:\/\/www.ebroresilience.com\/wp-content\/uploads\/2024\/04\/descenso-7-1024x768.jpg 1024w, https:\/\/www.ebroresilience.com\/wp-content\/uploads\/2024\/04\/descenso-7-300x225.jpg 300w, https:\/\/www.ebroresilience.com\/wp-content\/uploads\/2024\/04\/descenso-7-768x576.jpg 768w, https:\/\/www.ebroresilience.com\/wp-content\/uploads\/2024\/04\/descenso-7-1536x1152.jpg 1536w, https:\/\/www.ebroresilience.com\/wp-content\/uploads\/2024\/04\/descenso-7-2048x1536.jpg 2048w, https:\/\/www.ebroresilience.com\/wp-content\/uploads\/2024\/04\/descenso-7-195x146.jpg 195w, https:\/\/www.ebroresilience.com\/wp-content\/uploads\/2024\/04\/descenso-7-50x38.jpg 50w, https:\/\/www.ebroresilience.com\/wp-content\/uploads\/2024\/04\/descenso-7-100x75.jpg 100w, https:\/\/www.ebroresilience.com\/wp-content\/uploads\/2024\/04\/descenso-7-960x720.jpg 960w\" sizes=\"(max-width:767px) 480px, (max-width:1024px) 100vw, 1024px\" \/>\t\t\t\t\t\t\t\t\t\t\t\t\t\t\t<\/div>\n\t\t\t\t<\/div>\n\t\t\t\t\t<\/div>\n\t\t<\/div>\n\t\t\t\t<div class=\"elementor-column elementor-col-25 elementor-top-column elementor-element elementor-element-f897655\" data-id=\"f897655\" data-element_type=\"column\" data-e-type=\"column\">\n\t\t\t<div class=\"elementor-widget-wrap elementor-element-populated\">\n\t\t\t\t\t\t<div class=\"elementor-element elementor-element-c594dd0 elementor-widget elementor-widget-image\" data-id=\"c594dd0\" data-element_type=\"widget\" data-e-type=\"widget\" data-widget_type=\"image.default\">\n\t\t\t\t<div class=\"elementor-widget-container\">\n\t\t\t\t\t\t\t\t\t\t\t\t\t\t\t<img loading=\"lazy\" decoding=\"async\" width=\"1024\" height=\"768\" src=\"https:\/\/www.ebroresilience.com\/wp-content\/uploads\/2024\/07\/Jugando-1024x768.png\" class=\"attachment-large size-large wp-image-11898\" alt=\"\" srcset=\"https:\/\/www.ebroresilience.com\/wp-content\/uploads\/2024\/07\/Jugando-1024x768.png 1024w, https:\/\/www.ebroresilience.com\/wp-content\/uploads\/2024\/07\/Jugando-300x225.png 300w, https:\/\/www.ebroresilience.com\/wp-content\/uploads\/2024\/07\/Jugando-768x576.png 768w, https:\/\/www.ebroresilience.com\/wp-content\/uploads\/2024\/07\/Jugando-1536x1152.png 1536w, https:\/\/www.ebroresilience.com\/wp-content\/uploads\/2024\/07\/Jugando-195x146.png 195w, https:\/\/www.ebroresilience.com\/wp-content\/uploads\/2024\/07\/Jugando-50x38.png 50w, https:\/\/www.ebroresilience.com\/wp-content\/uploads\/2024\/07\/Jugando-100x75.png 100w, https:\/\/www.ebroresilience.com\/wp-content\/uploads\/2024\/07\/Jugando-960x720.png 960w, https:\/\/www.ebroresilience.com\/wp-content\/uploads\/2024\/07\/Jugando.png 2048w\" sizes=\"(max-width:767px) 480px, (max-width:1024px) 100vw, 1024px\" \/>\t\t\t\t\t\t\t\t\t\t\t\t\t\t\t<\/div>\n\t\t\t\t<\/div>\n\t\t\t\t\t<\/div>\n\t\t<\/div>\n\t\t\t\t\t<\/div>\n\t\t<\/section>\n\t\t\t\t<section class=\"elementor-section elementor-top-section elementor-element elementor-element-d6fe05b elementor-section-boxed elementor-section-height-default elementor-section-height-default\" data-id=\"d6fe05b\" data-element_type=\"section\" data-e-type=\"section\">\n\t\t\t\t\t\t<div class=\"elementor-container elementor-column-gap-default\">\n\t\t\t\t\t<div class=\"elementor-column elementor-col-100 elementor-top-column elementor-element elementor-element-08850ce\" data-id=\"08850ce\" data-element_type=\"column\" data-e-type=\"column\">\n\t\t\t<div class=\"elementor-widget-wrap elementor-element-populated\">\n\t\t\t\t\t\t<div class=\"elementor-element elementor-element-47cda04 elementor-widget elementor-widget-spacer\" data-id=\"47cda04\" data-element_type=\"widget\" data-e-type=\"widget\" data-widget_type=\"spacer.default\">\n\t\t\t\t<div class=\"elementor-widget-container\">\n\t\t\t\t\t\t\t<div class=\"elementor-spacer\">\n\t\t\t<div class=\"elementor-spacer-inner\"><\/div>\n\t\t<\/div>\n\t\t\t\t\t\t<\/div>\n\t\t\t\t<\/div>\n\t\t\t\t\t<\/div>\n\t\t<\/div>\n\t\t\t\t\t<\/div>\n\t\t<\/section>\n\t\t\t\t<section class=\"elementor-section elementor-top-section elementor-element elementor-element-a6d7c64 elementor-section-boxed elementor-section-height-default elementor-section-height-default\" data-id=\"a6d7c64\" data-element_type=\"section\" data-e-type=\"section\">\n\t\t\t\t\t\t<div class=\"elementor-container elementor-column-gap-default\">\n\t\t\t\t\t<div class=\"elementor-column elementor-col-33 elementor-top-column elementor-element elementor-element-22c9e55\" data-id=\"22c9e55\" data-element_type=\"column\" data-e-type=\"column\">\n\t\t\t<div class=\"elementor-widget-wrap elementor-element-populated\">\n\t\t\t\t\t\t<div class=\"elementor-element elementor-element-ea26d6d elementor-widget elementor-widget-image\" data-id=\"ea26d6d\" data-element_type=\"widget\" data-e-type=\"widget\" data-widget_type=\"image.default\">\n\t\t\t\t<div class=\"elementor-widget-container\">\n\t\t\t\t\t\t\t\t\t\t\t\t\t\t\t<img loading=\"lazy\" decoding=\"async\" width=\"150\" height=\"150\" src=\"https:\/\/www.ebroresilience.com\/wp-content\/uploads\/2024\/07\/2-2-150x150.png\" class=\"attachment-thumbnail size-thumbnail wp-image-11892\" alt=\"\" srcset=\"https:\/\/www.ebroresilience.com\/wp-content\/uploads\/2024\/07\/2-2-150x150.png 150w, https:\/\/www.ebroresilience.com\/wp-content\/uploads\/2024\/07\/2-2-300x300.png 300w, https:\/\/www.ebroresilience.com\/wp-content\/uploads\/2024\/07\/2-2-146x146.png 146w, https:\/\/www.ebroresilience.com\/wp-content\/uploads\/2024\/07\/2-2-50x50.png 50w, https:\/\/www.ebroresilience.com\/wp-content\/uploads\/2024\/07\/2-2-75x75.png 75w, https:\/\/www.ebroresilience.com\/wp-content\/uploads\/2024\/07\/2-2-85x85.png 85w, https:\/\/www.ebroresilience.com\/wp-content\/uploads\/2024\/07\/2-2-80x80.png 80w, https:\/\/www.ebroresilience.com\/wp-content\/uploads\/2024\/07\/2-2.png 500w\" sizes=\"(max-width:767px) 150px, 150px\" \/>\t\t\t\t\t\t\t\t\t\t\t\t\t\t\t<\/div>\n\t\t\t\t<\/div>\n\t\t\t\t\t<\/div>\n\t\t<\/div>\n\t\t\t\t<div class=\"elementor-column elementor-col-66 elementor-top-column elementor-element elementor-element-a7a0a0d\" data-id=\"a7a0a0d\" data-element_type=\"column\" data-e-type=\"column\">\n\t\t\t<div class=\"elementor-widget-wrap elementor-element-populated\">\n\t\t\t\t\t\t<div class=\"elementor-element elementor-element-5c1a7e2 elementor-widget elementor-widget-text-editor\" data-id=\"5c1a7e2\" data-element_type=\"widget\" data-e-type=\"widget\" data-widget_type=\"text-editor.default\">\n\t\t\t\t<div class=\"elementor-widget-container\">\n\t\t\t\t\t\t\t\t\t<h1><strong>Dissemination and Communication Actions<\/strong><\/h1>\t\t\t\t\t\t\t\t<\/div>\n\t\t\t\t<\/div>\n\t\t\t\t\t<\/div>\n\t\t<\/div>\n\t\t\t\t\t<\/div>\n\t\t<\/section>\n\t\t\t\t<section class=\"elementor-section elementor-top-section elementor-element elementor-element-e7c4076 elementor-section-boxed elementor-section-height-default elementor-section-height-default\" data-id=\"e7c4076\" data-element_type=\"section\" data-e-type=\"section\">\n\t\t\t\t\t\t<div class=\"elementor-container elementor-column-gap-default\">\n\t\t\t\t\t<div class=\"elementor-column elementor-col-100 elementor-top-column elementor-element elementor-element-cbbb094\" data-id=\"cbbb094\" data-element_type=\"column\" data-e-type=\"column\">\n\t\t\t<div class=\"elementor-widget-wrap elementor-element-populated\">\n\t\t\t\t\t\t<div class=\"elementor-element elementor-element-3d41b02 elementor-widget elementor-widget-text-editor\" data-id=\"3d41b02\" data-element_type=\"widget\" data-e-type=\"widget\" data-widget_type=\"text-editor.default\">\n\t\t\t\t<div class=\"elementor-widget-container\">\n\t\t\t\t\t\t\t\t\t<h3>How to <strong>stay informed about the LIFE Ebro Resilience P1 Project<\/strong>? There is a Communication Plan that explores all the tools that allow a wider dissemination of the actions and progress of the project with two objectives (<strong>\n  <span style=\"color: #339966;\">in execution<\/span>\n<\/strong>):<\/h3><ul><li><h3>To be a <strong>dissemination<\/strong> channel for proposals to <strong>support and enhance public participation<\/strong> and social capacity building campaigns.  <\/h3><\/li><li><h3>Disseminate <strong>tools<\/strong> for flood risk adaptation.<\/h3><\/li><\/ul>\t\t\t\t\t\t\t\t<\/div>\n\t\t\t\t<\/div>\n\t\t\t\t\t<\/div>\n\t\t<\/div>\n\t\t\t\t\t<\/div>\n\t\t<\/section>\n\t\t\t\t<section class=\"elementor-section elementor-top-section elementor-element elementor-element-af02371 elementor-section-boxed elementor-section-height-default elementor-section-height-default\" data-id=\"af02371\" data-element_type=\"section\" data-e-type=\"section\">\n\t\t\t\t\t\t<div class=\"elementor-container elementor-column-gap-default\">\n\t\t\t\t\t<div class=\"elementor-column elementor-col-100 elementor-top-column elementor-element elementor-element-6230b03\" data-id=\"6230b03\" data-element_type=\"column\" data-e-type=\"column\">\n\t\t\t<div class=\"elementor-widget-wrap elementor-element-populated\">\n\t\t\t\t\t\t<div class=\"elementor-element elementor-element-a8bcbcc elementor-widget elementor-widget-button\" data-id=\"a8bcbcc\" data-element_type=\"widget\" data-e-type=\"widget\" data-widget_type=\"button.default\">\n\t\t\t\t<div class=\"elementor-widget-container\">\n\t\t\t\t\t\t\t\t\t<div class=\"elementor-button-wrapper\">\n\t\t\t\t\t<a class=\"elementor-button elementor-button-link elementor-size-sm\" href=\"https:\/\/www.ebroresilience.com\/en\/newsletters\/\" target=\"_blank\">\n\t\t\t\t\t\t<span class=\"elementor-button-content-wrapper\">\n\t\t\t\t\t\t\t\t\t<span class=\"elementor-button-text\">Newsletters <\/span>\n\t\t\t\t\t<\/span>\n\t\t\t\t\t<\/a>\n\t\t\t\t<\/div>\n\t\t\t\t\t\t\t\t<\/div>\n\t\t\t\t<\/div>\n\t\t\t\t\t<\/div>\n\t\t<\/div>\n\t\t\t\t\t<\/div>\n\t\t<\/section>\n\t\t\t\t<section class=\"elementor-section elementor-top-section elementor-element elementor-element-d358e9f elementor-section-boxed elementor-section-height-default elementor-section-height-default\" data-id=\"d358e9f\" data-element_type=\"section\" data-e-type=\"section\">\n\t\t\t\t\t\t<div class=\"elementor-container elementor-column-gap-default\">\n\t\t\t\t\t<div class=\"elementor-column elementor-col-100 elementor-top-column elementor-element elementor-element-bcd6f1d\" data-id=\"bcd6f1d\" data-element_type=\"column\" data-e-type=\"column\">\n\t\t\t<div class=\"elementor-widget-wrap elementor-element-populated\">\n\t\t\t\t\t\t<div class=\"elementor-element elementor-element-d259417 elementor-widget elementor-widget-button\" data-id=\"d259417\" data-element_type=\"widget\" data-e-type=\"widget\" data-widget_type=\"button.default\">\n\t\t\t\t<div class=\"elementor-widget-container\">\n\t\t\t\t\t\t\t\t\t<div class=\"elementor-button-wrapper\">\n\t\t\t\t\t<a class=\"elementor-button elementor-button-link elementor-size-sm\" href=\"https:\/\/linktr.ee\/lifeebroresilience\" target=\"_blank\">\n\t\t\t\t\t\t<span class=\"elementor-button-content-wrapper\">\n\t\t\t\t\t\t\t\t\t<span class=\"elementor-button-text\">Social networks  <\/span>\n\t\t\t\t\t<\/span>\n\t\t\t\t\t<\/a>\n\t\t\t\t<\/div>\n\t\t\t\t\t\t\t\t<\/div>\n\t\t\t\t<\/div>\n\t\t\t\t\t<\/div>\n\t\t<\/div>\n\t\t\t\t\t<\/div>\n\t\t<\/section>\n\t\t\t\t<section class=\"elementor-section elementor-top-section elementor-element elementor-element-8206822 elementor-section-boxed elementor-section-height-default elementor-section-height-default\" data-id=\"8206822\" data-element_type=\"section\" data-e-type=\"section\">\n\t\t\t\t\t\t<div class=\"elementor-container elementor-column-gap-default\">\n\t\t\t\t\t<div class=\"elementor-column elementor-col-100 elementor-top-column elementor-element elementor-element-487f6d8\" data-id=\"487f6d8\" data-element_type=\"column\" data-e-type=\"column\">\n\t\t\t<div class=\"elementor-widget-wrap elementor-element-populated\">\n\t\t\t\t\t\t<div class=\"elementor-element elementor-element-30725bf elementor-widget elementor-widget-button\" data-id=\"30725bf\" data-element_type=\"widget\" data-e-type=\"widget\" data-widget_type=\"button.default\">\n\t\t\t\t<div class=\"elementor-widget-container\">\n\t\t\t\t\t\t\t\t\t<div class=\"elementor-button-wrapper\">\n\t\t\t\t\t<a class=\"elementor-button elementor-button-link elementor-size-sm\" href=\"https:\/\/www.youtube.com\/channel\/UCZ8ZvqSXRsjbNhVOCDddQWw\" target=\"_blank\">\n\t\t\t\t\t\t<span class=\"elementor-button-content-wrapper\">\n\t\t\t\t\t\t\t\t\t<span class=\"elementor-button-text\">Informative videos<\/span>\n\t\t\t\t\t<\/span>\n\t\t\t\t\t<\/a>\n\t\t\t\t<\/div>\n\t\t\t\t\t\t\t\t<\/div>\n\t\t\t\t<\/div>\n\t\t\t\t\t<\/div>\n\t\t<\/div>\n\t\t\t\t\t<\/div>\n\t\t<\/section>\n\t\t\t\t<section class=\"elementor-section elementor-top-section elementor-element elementor-element-139a36b elementor-section-boxed elementor-section-height-default elementor-section-height-default\" data-id=\"139a36b\" data-element_type=\"section\" data-e-type=\"section\">\n\t\t\t\t\t\t<div class=\"elementor-container elementor-column-gap-default\">\n\t\t\t\t\t<div class=\"elementor-column elementor-col-100 elementor-top-column elementor-element elementor-element-10be622\" data-id=\"10be622\" data-element_type=\"column\" data-e-type=\"column\">\n\t\t\t<div class=\"elementor-widget-wrap elementor-element-populated\">\n\t\t\t\t\t\t<div class=\"elementor-element elementor-element-b8b3d97 elementor-widget elementor-widget-text-editor\" data-id=\"b8b3d97\" data-element_type=\"widget\" data-e-type=\"widget\" data-widget_type=\"text-editor.default\">\n\t\t\t\t<div class=\"elementor-widget-container\">\n\t\t\t\t\t\t\t\t\t<h3>In addition, work is being done to promote <strong>networking<\/strong> and exchange of experiences with professional sectors, other projects, various proposals from the LIFE Program, etc&#8230; <span style=\"color: #339966;\">\n  <strong>In execution<\/strong>\n<\/span>So far we have participated in 11 national, European and international networking actions, exceeding the forecasts set out in the initial proposal of the LIFE Ebro Resilience P1 Project.<\/h3><h3>Finally, the action of transfer and replication of project results is included, <strong>\n  <span style=\"color: #ff6600;\">in the development phase<\/span>\n<\/strong>. Its objective is that territories with similar <u><b>problems similar to those<\/b><\/u> to those of Life Ebro Resilience P1 can replicate the <u><b>replicate the successful<\/b><\/u> successful actions of the Project.<\/h3>\t\t\t\t\t\t\t\t<\/div>\n\t\t\t\t<\/div>\n\t\t\t\t\t<\/div>\n\t\t<\/div>\n\t\t\t\t\t<\/div>\n\t\t<\/section>\n\t\t\t\t<section class=\"elementor-section elementor-top-section elementor-element elementor-element-80ed8eb elementor-section-boxed elementor-section-height-default elementor-section-height-default\" data-id=\"80ed8eb\" data-element_type=\"section\" data-e-type=\"section\">\n\t\t\t\t\t\t<div class=\"elementor-container elementor-column-gap-default\">\n\t\t\t\t\t<div class=\"elementor-column elementor-col-33 elementor-top-column elementor-element elementor-element-c9eb893\" data-id=\"c9eb893\" data-element_type=\"column\" data-e-type=\"column\">\n\t\t\t<div class=\"elementor-widget-wrap elementor-element-populated\">\n\t\t\t\t\t\t<div class=\"elementor-element elementor-element-dcd3c08 elementor-widget elementor-widget-image\" data-id=\"dcd3c08\" data-element_type=\"widget\" data-e-type=\"widget\" data-widget_type=\"image.default\">\n\t\t\t\t<div class=\"elementor-widget-container\">\n\t\t\t\t\t\t\t\t\t\t\t\t\t\t\t<img loading=\"lazy\" decoding=\"async\" width=\"768\" height=\"1024\" src=\"https:\/\/www.ebroresilience.com\/wp-content\/uploads\/2024\/05\/WhatsApp-Image-2024-05-30-at-06.53.08-1-768x1024.jpeg\" class=\"attachment-large size-large wp-image-11515\" alt=\"The LIFE Ebro Resilience P1 team at the Green Week stand in Brussels\" srcset=\"https:\/\/www.ebroresilience.com\/wp-content\/uploads\/2024\/05\/WhatsApp-Image-2024-05-30-at-06.53.08-1-768x1024.jpeg 768w, https:\/\/www.ebroresilience.com\/wp-content\/uploads\/2024\/05\/WhatsApp-Image-2024-05-30-at-06.53.08-1-225x300.jpeg 225w, https:\/\/www.ebroresilience.com\/wp-content\/uploads\/2024\/05\/WhatsApp-Image-2024-05-30-at-06.53.08-1-1152x1536.jpeg 1152w, https:\/\/www.ebroresilience.com\/wp-content\/uploads\/2024\/05\/WhatsApp-Image-2024-05-30-at-06.53.08-1-110x146.jpeg 110w, https:\/\/www.ebroresilience.com\/wp-content\/uploads\/2024\/05\/WhatsApp-Image-2024-05-30-at-06.53.08-1-38x50.jpeg 38w, https:\/\/www.ebroresilience.com\/wp-content\/uploads\/2024\/05\/WhatsApp-Image-2024-05-30-at-06.53.08-1-56x75.jpeg 56w, https:\/\/www.ebroresilience.com\/wp-content\/uploads\/2024\/05\/WhatsApp-Image-2024-05-30-at-06.53.08-1.jpeg 1200w\" sizes=\"(max-width:767px) 480px, (max-width:768px) 100vw, 768px\" \/>\t\t\t\t\t\t\t\t\t\t\t\t\t\t\t<\/div>\n\t\t\t\t<\/div>\n\t\t\t\t\t<\/div>\n\t\t<\/div>\n\t\t\t\t<div class=\"elementor-column elementor-col-33 elementor-top-column elementor-element elementor-element-154ea54\" data-id=\"154ea54\" data-element_type=\"column\" data-e-type=\"column\">\n\t\t\t<div class=\"elementor-widget-wrap elementor-element-populated\">\n\t\t\t\t\t\t<div class=\"elementor-element elementor-element-4f5e380 elementor-widget elementor-widget-image\" data-id=\"4f5e380\" data-element_type=\"widget\" data-e-type=\"widget\" data-widget_type=\"image.default\">\n\t\t\t\t<div class=\"elementor-widget-container\">\n\t\t\t\t\t\t\t\t\t\t\t\t\t\t\t<img loading=\"lazy\" decoding=\"async\" width=\"1024\" height=\"767\" src=\"https:\/\/www.ebroresilience.com\/wp-content\/uploads\/2023\/10\/WhatsApp-Image-2023-10-25-at-10.13.13-1024x767.jpeg\" class=\"attachment-large size-large wp-image-8777\" alt=\"\" srcset=\"https:\/\/www.ebroresilience.com\/wp-content\/uploads\/2023\/10\/WhatsApp-Image-2023-10-25-at-10.13.13-1024x767.jpeg 1024w, https:\/\/www.ebroresilience.com\/wp-content\/uploads\/2023\/10\/WhatsApp-Image-2023-10-25-at-10.13.13-300x225.jpeg 300w, https:\/\/www.ebroresilience.com\/wp-content\/uploads\/2023\/10\/WhatsApp-Image-2023-10-25-at-10.13.13-768x575.jpeg 768w, https:\/\/www.ebroresilience.com\/wp-content\/uploads\/2023\/10\/WhatsApp-Image-2023-10-25-at-10.13.13-1536x1150.jpeg 1536w, https:\/\/www.ebroresilience.com\/wp-content\/uploads\/2023\/10\/WhatsApp-Image-2023-10-25-at-10.13.13-195x146.jpeg 195w, https:\/\/www.ebroresilience.com\/wp-content\/uploads\/2023\/10\/WhatsApp-Image-2023-10-25-at-10.13.13-50x37.jpeg 50w, https:\/\/www.ebroresilience.com\/wp-content\/uploads\/2023\/10\/WhatsApp-Image-2023-10-25-at-10.13.13-100x75.jpeg 100w, https:\/\/www.ebroresilience.com\/wp-content\/uploads\/2023\/10\/WhatsApp-Image-2023-10-25-at-10.13.13-960x720.jpeg 960w, https:\/\/www.ebroresilience.com\/wp-content\/uploads\/2023\/10\/WhatsApp-Image-2023-10-25-at-10.13.13.jpeg 2048w\" sizes=\"(max-width:767px) 480px, (max-width:1024px) 100vw, 1024px\" \/>\t\t\t\t\t\t\t\t\t\t\t\t\t\t\t<\/div>\n\t\t\t\t<\/div>\n\t\t\t\t\t<\/div>\n\t\t<\/div>\n\t\t\t\t<div class=\"elementor-column elementor-col-33 elementor-top-column elementor-element elementor-element-bd98ac3\" data-id=\"bd98ac3\" data-element_type=\"column\" data-e-type=\"column\">\n\t\t\t<div class=\"elementor-widget-wrap elementor-element-populated\">\n\t\t\t\t\t\t<div class=\"elementor-element elementor-element-53399c9 elementor-widget elementor-widget-image\" data-id=\"53399c9\" data-element_type=\"widget\" data-e-type=\"widget\" data-widget_type=\"image.default\">\n\t\t\t\t<div class=\"elementor-widget-container\">\n\t\t\t\t\t\t\t\t\t\t\t\t\t\t\t<img loading=\"lazy\" decoding=\"async\" width=\"1024\" height=\"568\" src=\"https:\/\/www.ebroresilience.com\/wp-content\/uploads\/2024\/07\/redes-sociales-1024x568.png\" class=\"attachment-large size-large wp-image-11894\" alt=\"\" srcset=\"https:\/\/www.ebroresilience.com\/wp-content\/uploads\/2024\/07\/redes-sociales-1024x568.png 1024w, https:\/\/www.ebroresilience.com\/wp-content\/uploads\/2024\/07\/redes-sociales-300x166.png 300w, https:\/\/www.ebroresilience.com\/wp-content\/uploads\/2024\/07\/redes-sociales-768x426.png 768w, https:\/\/www.ebroresilience.com\/wp-content\/uploads\/2024\/07\/redes-sociales-260x144.png 260w, https:\/\/www.ebroresilience.com\/wp-content\/uploads\/2024\/07\/redes-sociales-50x28.png 50w, https:\/\/www.ebroresilience.com\/wp-content\/uploads\/2024\/07\/redes-sociales-135x75.png 135w, https:\/\/www.ebroresilience.com\/wp-content\/uploads\/2024\/07\/redes-sociales.png 1358w\" sizes=\"(max-width:767px) 480px, (max-width:1024px) 100vw, 1024px\" \/>\t\t\t\t\t\t\t\t\t\t\t\t\t\t\t<\/div>\n\t\t\t\t<\/div>\n\t\t\t\t\t<\/div>\n\t\t<\/div>\n\t\t\t\t\t<\/div>\n\t\t<\/section>\n\t\t\t\t<section class=\"elementor-section elementor-top-section elementor-element elementor-element-a5bafea elementor-section-boxed elementor-section-height-default elementor-section-height-default\" data-id=\"a5bafea\" data-element_type=\"section\" data-e-type=\"section\">\n\t\t\t\t\t\t<div class=\"elementor-container elementor-column-gap-default\">\n\t\t\t\t\t<div class=\"elementor-column elementor-col-100 elementor-top-column elementor-element elementor-element-c70d00c\" data-id=\"c70d00c\" data-element_type=\"column\" data-e-type=\"column\">\n\t\t\t<div class=\"elementor-widget-wrap elementor-element-populated\">\n\t\t\t\t\t\t<div class=\"elementor-element elementor-element-bc37f05 elementor-widget elementor-widget-text-editor\" data-id=\"bc37f05\" data-element_type=\"widget\" data-e-type=\"widget\" data-widget_type=\"text-editor.default\">\n\t\t\t\t<div class=\"elementor-widget-container\">\n\t\t\t\t\t\t\t\t\t<div id=\"Content\"><div class=\"content_wrapper clearfix\"><div class=\"sections_group\"><div class=\"entry-content\"><div class=\"section the_content has_content\"><div class=\"section_wrapper\"><div class=\"the_content_wrapper\"><div class=\"elementor elementor-5202\" data-elementor-type=\"wp-page\" data-elementor-id=\"5202\" data-elementor-settings=\"[]\"><div class=\"elementor-inner\"><div class=\"elementor-section-wrap\"><section class=\"has_eae_slider elementor-section elementor-top-section elementor-element elementor-element-cae1fff elementor-section-boxed elementor-section-height-default elementor-section-height-default\" data-id=\"cae1fff\" data-element_type=\"section\"><div class=\"elementor-container elementor-column-gap-default\"><div class=\"elementor-row\"><div class=\"has_eae_slider elementor-column elementor-col-100 elementor-top-column elementor-element elementor-element-6286497\" data-id=\"6286497\" data-element_type=\"column\"><div class=\"elementor-column-wrap elementor-element-populated\"><div class=\"elementor-widget-wrap\"><div class=\"elementor-element elementor-element-9b68ada elementor-widget elementor-widget-text-editor\" data-id=\"9b68ada\" data-element_type=\"widget\" data-widget_type=\"text-editor.default\"><div class=\"elementor-widget-container\"><div class=\"elementor-text-editor elementor-clearfix\"><p><strong>With the contribution of the LIFE financial instrument of the European Union. LIFE20 ENV\/EN\/000327 <\/strong><\/p><\/div><\/div><\/div><\/div><\/div><\/div><\/div><\/div><\/section><\/div><\/div><\/div><\/div><\/div><\/div><\/div><\/div><\/div><\/div>\t\t\t\t\t\t\t\t<\/div>\n\t\t\t\t<\/div>\n\t\t\t\t\t<\/div>\n\t\t<\/div>\n\t\t\t\t\t<\/div>\n\t\t<\/section>\n\t\t\t\t<\/div>\n\t\t","protected":false},"excerpt":{"rendered":"<p>Advances Adaptation and Adaptation and Mitigation \/ Nature and Biodiversity Zone 1 SECTION OF COMBINED ACTIONS (Alfaro, La Rioja &#8211; Castej\u00f3n, Navarra) Demonstration section of the Project. A succession of natural water retention measures, nature-based solutions for river restoration that<span class=\"excerpt-hellip\"> [\u2026]<\/span><\/p>\n","protected":false},"author":5,"featured_media":0,"parent":0,"menu_order":0,"comment_status":"closed","ping_status":"closed","template":"","meta":{"_acf_changed":false,"ngg_post_thumbnail":0,"footnotes":""},"class_list":["post-11986","page","type-page","status-publish","hentry"],"acf":[],"publishpress_future_action":{"enabled":false,"date":"2026-05-06 18:42:48","action":"change-status","newStatus":"draft","terms":[],"taxonomy":"translation_priority","extraData":[]},"publishpress_future_workflow_manual_trigger":{"enabledWorkflows":[]},"_links":{"self":[{"href":"https:\/\/www.ebroresilience.com\/en\/wp-json\/wp\/v2\/pages\/11986","targetHints":{"allow":["GET"]}}],"collection":[{"href":"https:\/\/www.ebroresilience.com\/en\/wp-json\/wp\/v2\/pages"}],"about":[{"href":"https:\/\/www.ebroresilience.com\/en\/wp-json\/wp\/v2\/types\/page"}],"author":[{"embeddable":true,"href":"https:\/\/www.ebroresilience.com\/en\/wp-json\/wp\/v2\/users\/5"}],"replies":[{"embeddable":true,"href":"https:\/\/www.ebroresilience.com\/en\/wp-json\/wp\/v2\/comments?post=11986"}],"version-history":[{"count":28,"href":"https:\/\/www.ebroresilience.com\/en\/wp-json\/wp\/v2\/pages\/11986\/revisions"}],"predecessor-version":[{"id":16021,"href":"https:\/\/www.ebroresilience.com\/en\/wp-json\/wp\/v2\/pages\/11986\/revisions\/16021"}],"wp:attachment":[{"href":"https:\/\/www.ebroresilience.com\/en\/wp-json\/wp\/v2\/media?parent=11986"}],"curies":[{"name":"wp","href":"https:\/\/api.w.org\/{rel}","templated":true}]}}